{"id":877,"date":"2020-12-20T15:59:48","date_gmt":"2020-12-20T14:59:48","guid":{"rendered":"https:\/\/www.vienne-en-transition.fr\/?page_id=877"},"modified":"2021-02-03T09:11:27","modified_gmt":"2021-02-03T08:11:27","slug":"charte-de-fonctionnement","status":"publish","type":"page","link":"https:\/\/www.vienne-en-transition.fr\/index.php\/charte-de-fonctionnement\/","title":{"rendered":"Charte de fonctionnement"},"content":{"rendered":"\n<p>Dans un d\u00e9sir de renouvellement d\u00e9mocratique, le collectif reconna\u00eet la capacit\u00e9 de chaque habitant-e du d\u00e9partement \u00e0 tenir une place active dans la vie et la dynamique de son territoire et \u00e0 \u0153uvrer dans le sens de l\u2019int\u00e9r\u00eat g\u00e9n\u00e9ral.<\/p>\n\n\n\n<p>Le collectif a pour objectif de rassembler largement des personnes engag\u00e9es ou non dans un parti, autour de valeurs communes : l\u2019\u00e9cologie, la solidarit\u00e9 et la d\u00e9mocratie. Le collectif est constitu\u00e9 de citoyens et d\u2019organisations qui se rassemblent pour porter un projet politique commun et pr\u00e9senter des candidats aux \u00e9lections d\u00e9partementales dans tout le d\u00e9partement de la Vienne.<\/p>\n\n\n\n<p>La charte de fonctionnement qui suit d\u00e9finit les principes qui pr\u00e9vaudront dans toutes les relations au sein du collectif. <strong>Elle peut-\u00eatre amen\u00e9e \u00e0 \u00e9voluer en fonction de la vie du collectif et des besoins, sur propositions des membres et sur validation du comit\u00e9 de coordination.<\/strong><\/p>\n\n\n\n<h2 class=\"wp-block-heading\">Adh\u00e9sion au collectif La Vienne en transition<\/h2>\n\n\n\n<p>Le collectif est ouvert \u00e0 toute personne ayant sign\u00e9 la charte des valeurs et s&rsquo;engageant \u00e0 porter ces valeurs durant la vie du mouvement. L&rsquo;entr\u00e9e dans le collectif implique l&rsquo;acceptation de la pr\u00e9sente charte de fonctionnement.<\/p>\n\n\n\n<h2 class=\"wp-block-heading\">L\u2019organisation du collectif<\/h2>\n\n\n\n<h3 class=\"wp-block-heading\">Les groupes locaux<\/h3>\n\n\n\n<p>Les membres du collectif se regroupent localement sur chaque canton pour organiser<br>la campagne en soutien aux candidat-e-s. Les modalit\u00e9s d&rsquo;organisation sont libres en<br>veillant au respect des principes de la pr\u00e9sente charte et de la charte des valeurs. Les<br>instances \u00e0 l&rsquo;\u00e9chelle d\u00e9partementale d\u00e9crites ci-dessous (groupes de travail<br>d\u00e9partementaux et comit\u00e9 de coordination) sont en appui \u00e0 ce travail local pour<br>mutualiser certaines ressources, faciliter les \u00e9changes et la coh\u00e9sion sur l&rsquo;ensemble du<br>territoire.<\/p>\n\n\n\n<h3 class=\"wp-block-heading\">Les groupes de travail d\u00e9partementaux<\/h3>\n\n\n\n<p>Le collectif est organis\u00e9 en diff\u00e9rents groupes mis en place en fonction des besoins. Au 03\/12\/2020, les groupes existants sont les suivants :<\/p>\n\n\n\n<p>\u2022 Communication<br>\u2022 Financement<br>\u2022 Mobilisation<br>\u2022 Programme<\/p>\n\n\n\n<p>Chaque groupe est autonome et s\u2019organise en respectant les principes de la pr\u00e9sente charte ainsi que de la charte des valeurs.<\/p>\n\n\n\n<p>Les groupes sont tous \u00e0 \u00e9galit\u00e9s : il n\u2019existe pas de hi\u00e9rarchie entre les groupes transversaux. Ils sont ouverts \u00e0 de nouveaux et nouvelles participant-e-s volontaires \u00e0 tout moment de la d\u00e9marche, ces participant-e-s devant \u00eatre membres du collectif.<\/p>\n\n\n\n<p><strong>Fonctionnement :<\/strong> chaque groupe d\u00e9finit son propre fonctionnement, dans le respect de la pr\u00e9sente charte et de la charte des valeurs.<\/p>\n\n\n\n<p>A l&rsquo;image de la composition du comit\u00e9 de coordination d\u00e9crit ci-dessous, les groupes de travail ont pour ambition d&rsquo;atteindre un \u00e9quilibre en terme de parit\u00e9 et de repr\u00e9sentativit\u00e9.<\/p>\n\n\n\n<h3 class=\"wp-block-heading\">Le comit\u00e9 de coordination<\/h3>\n\n\n\n<p>Il assure le lien entre les diff\u00e9rents groupes, la r\u00e9partition des t\u00e2ches en fonction des besoins identifi\u00e9s et en fonction des propositions des groupes et des membres du collectif. C\u2019est \u00e9galement l\u2019instance qui valide les projets, les orientations strat\u00e9giques et les partenariats.<\/p>\n\n\n\n<p><strong>Composition :<\/strong><br>\u2022 Parit\u00e9 Femmes \/ Hommes<br>\u2022 50% de repr\u00e9sentant-e-s des partis ou mouvements politiques &#8211; 50% de citoyen- ne-s non-encart\u00e9-e-s<br>\u2022 Un-e repr\u00e9sentant-e de chaque groupe de travail<br>\u2022 \u00c9quilibre territorial<\/p>\n\n\n\n<p><strong>Validation de nouveaux membres :<\/strong> Sur demande au comit\u00e9 de coordination, en fonction des crit\u00e8res de composition ci-dessus et sur validation de ce dernier.<\/p>\n\n\n\n<p><strong>Fonctionnement<\/strong><br>\u2022 Il se r\u00e9unit au minimum 2 fois par mois, en pr\u00e9sentiel et\/ou en visioconf\u00e9rence.<br>\u2022 Ordre du jour participatif<br>\u2022 D\u00e9cision par consentement. Si n\u00e9cessaire, un jugement majoritaire peut \u00eatre utilis\u00e9 pour donner une indication.<br>\u2022 Pour faciliter la participation de toutes et tous aux r\u00e9unions, un acc\u00e8s en visioconf\u00e9rence est toujours propos\u00e9.<\/p>\n\n\n\n<h3 class=\"wp-block-heading\">Processus collectifs<\/h3>\n\n\n\n<p>Pour les moments importants du collectif (programme, candidatures\u2026), des<br>\u00e9v\u00e9nements publics sont organis\u00e9s pour permettre aux membres et au grand public<br>de prendre part aux d\u00e9cisions en contribuant aux travaux en cours.<\/p>\n\n\n\n<h2 class=\"wp-block-heading\">Principes et fonctionnement interne<\/h2>\n\n\n\n<p>Si une personne parle au nom d\u2019une organisation (association, parti, syndicat\u2026), elle s\u2019engage \u00e0 le pr\u00e9ciser avant son propos. En l\u2019absence de pr\u00e9cision, le collectif consid\u00e8re que cette personne s\u2019exprime en son nom propre.<\/p>\n\n\n\n<h3 class=\"wp-block-heading\">Les principes guidant les \u00e9changes au sein du collectif :<\/h3>\n\n\n\n<p><strong>D\u00e9mocratie :<\/strong> Les intentions, projets d\u2019actions et les d\u00e9cisions sont expliqu\u00e9es au sein des groupes et\/ou du comit\u00e9 de coordination puis valid\u00e9es collectivement.<\/p>\n\n\n\n<p><strong>Bienveillance :<\/strong> Accueillir, de mani\u00e8re inconditionnelle, l\u2019autre et sa parole, quelles que soient les diff\u00e9rences. Prendre soin de chacun des individus qui composent le collectif, tout comme du collectif dans son ensemble.<\/p>\n\n\n\n<p><strong>Transparence :<\/strong> Toutes les informations circulent librement entre les membres du collectif.<\/p>\n\n\n\n<p><strong>\u00c9quilibre des \u00e9changes : <\/strong>Posture d\u2019\u00e9coute &#8211; Expression concise &#8211; Demander la parole &#8211; Volont\u00e9 d&rsquo;\u00e9quilibrer les temps de paroles entre les membres. Utiliser des gestes pour faciliter le processus.<\/p>\n\n\n\n<p><strong>Respect des horaires, des temps de r\u00e9unions et de l&rsquo;ordre du jour<\/strong><\/p>\n\n\n\n<p><strong>Loyaut\u00e9<\/strong> = appliquer les d\u00e9cisions prises en groupe<\/p>\n\n\n\n<p><strong>Gestion des d\u00e9cisions<\/strong> le plus possible par consentement<\/p>\n\n\n\n<h2 class=\"wp-block-heading\">Relations ext\u00e9rieures<\/h2>\n\n\n\n<h3 class=\"wp-block-heading\">Rencontres avec d\u2019autres organisations politiques<\/h3>\n\n\n\n<p>Lors des rencontres politiques, qu&rsquo;elles soient \u00e0 l&rsquo;initiative du collectif ou d&rsquo;une autre organisation, le collectif est toujours repr\u00e9sent\u00e9 par deux personnes au moins, \u00e0 parit\u00e9 dans la mesure du possible et veillant \u00e0 assurer une bonne repr\u00e9sentation de la composition du collectif.<br>Les rencontres font toujours l\u2019objet d\u2019un historique et d\u2019un compte-rendu \u00e9crits. Le personnes repr\u00e9sentant le collectif doivent respecter le mandat donn\u00e9 par le comit\u00e9 de coordination.<\/p>\n\n\n\n<h3 class=\"wp-block-heading\">Les m\u00e9dias<\/h3>\n\n\n\n<p>En r\u00e9ponse \u00e0 une sollicitation \u00e0 l&rsquo;\u00e9chelle d\u00e9partementale, le comit\u00e9 de coordination d\u00e9signe le ou les porte-parole-s ainsi que la ligne \u00e0 suivre pour porter cette r\u00e9ponse collective.<br>En r\u00e9ponse \u00e0 une sollicitation locale, les candidat-e-s r\u00e9pondent directement, dans le respect de la charte des valeurs et du programme. Ils et elles sont invit\u00e9-e-s \u00e0 informer le groupe communication afin de valoriser cette intervention avec les outils du collectif (r\u00e9seaux sociaux, site, etc\u2026).<\/p>\n\n\n\n<h3 class=\"wp-block-heading\">R\u00e9seaux sociaux<\/h3>\n\n\n\n<p>Un mandat est donn\u00e9 au groupe communication pour g\u00e9rer les diff\u00e9rents r\u00e9seaux sociaux d\u2019apr\u00e8s le travail des autres groupes du collectif. Il doit suivre un principe de prudence vis-\u00e0-vis de la r\u00e9ception politique qui pourrait \u00eatre faite des publications.<\/p>\n\n\n\n<h2 class=\"wp-block-heading\">Programme<\/h2>\n\n\n\n<p>Mandat est donn\u00e9 \u00e0 un groupe de travail d\u00e9di\u00e9 pour b\u00e2tir le programme du collectif.<br>Sur la base :<br>\u2022 Des propositions des citoyen-ne-s lors des ateliers th\u00e9matiques organis\u00e9s et sur les interfaces en ligne (r\u00e9seaux sociaux et plateforme de participation).<br>\u2022 Des id\u00e9es des partis soutenant la d\u00e9marche.<\/p>\n\n\n\n<p>Ce programme g\u00e9n\u00e9ral peut ensuite \u00eatre enrichi et adapt\u00e9 aux sp\u00e9cificit\u00e9s de chaque canton sur propositions des \u00e9quipes de campagne locales (en lien avec le groupe programme et communication), dans le respect de la charte des valeurs.<\/p>\n\n\n\n<p>Le comit\u00e9 de coordination et les organisations politiques valident le programme apr\u00e8s une consultation dans le cadre du processus collectif (voir ci-dessus) si les conditions mat\u00e9rielles et sanitaires le permettent, avec une vigilance particuli\u00e8re sur la repr\u00e9sentativit\u00e9 des diff\u00e9rents cantons.<\/p>\n\n\n\n<h2 class=\"wp-block-heading\">Financement de la campagne<\/h2>\n\n\n\n<p>Le collectif a pour ambition l&rsquo;\u00e9quit\u00e9 des candidat-e-s. En effet, personne ne doit renoncer \u00e0 \u00eatre candidat-e en raison de contraintes financi\u00e8res, cet engagement citoyen ne devant pas repr\u00e9senter un risque financier \u00e0 l&rsquo;\u00e9chelle personnelle. Ainsi le collectif devra se porter garant pour chacun-e des candidat-e-s investi-e-s sur tous les cantons.<\/p>\n\n\n\n<p>Un syst\u00e8me de solidarit\u00e9 devra \u00eatre mis en place en cas de score inf\u00e9rieur \u00e0 5% ne permettant pas le remboursement par l\u2019\u00c9tat des comptes de campagne.<\/p>\n\n\n\n<p>Au niveau local, le mandataire financier de chaque canton est en lien avec le groupe Finances afin de permettre de mutualiser des outils et des ressources pour faciliter la gestion financi\u00e8re des campagnes.<\/p>\n\n\n\n<p>Les candidat-e-s sont libres des d\u00e9penses lors de la campagne, dans la limite du plafond remboursable ainsi que du budget d\u00e9finit en amont. Certaines d\u00e9penses mutualis\u00e9es \u00e0 l&rsquo;\u00e9chelle du d\u00e9partement (salari\u00e9s, communication, \u00e9v\u00e9nements communs, etc.) doivent \u00eatre partag\u00e9es \u00e0 \u00e9galit\u00e9 entre tous les candidat-e-s du collectif.<\/p>\n\n\n\n<h3 class=\"wp-block-heading\">\u00c9thique li\u00e9e aux finances<\/h3>\n\n\n\n<p>Le collectif a pour ambition de mettre en ad\u00e9quation les frais de campagne avec la charte des valeurs, notamment dans un souci de respect de l&rsquo;environnement, de soutien \u00e0 l&#8217;emploi local et durable mais aussi de sobri\u00e9t\u00e9 des d\u00e9penses.<\/p>\n\n\n\n<h2 class=\"wp-block-heading\">D\u00e9signation des candidat-e-s<\/h2>\n\n\n\n<p>Le collectif s&rsquo;engage contre le cumul des mandats et pour un ancrage fort des candidat-e-s dans la vie active. La politique est avant tout un engagement citoyen. Les param\u00e8tres de ces non-cumuls restent \u00e0 d\u00e9finir.<\/p>\n\n\n\n<p>Pour refl\u00e9ter la diversit\u00e9 du collectif, l&rsquo;ambition est d&rsquo;atteindre l&rsquo;\u00e9quilibre suivant : 50% de repr\u00e9sentant-e-s des organisations politiques et 50% de citoyen-ne-s non-encart\u00e9-e-s.<\/p>\n\n\n\n<h3 class=\"wp-block-heading\">D\u00e9signation des candidat-e-s<\/h3>\n\n\n\n<p>Le collectif souhaite inciter le maximum de personnes \u00e0 prendre part \u00e0 la d\u00e9marche de d\u00e9signation des candidat-e-s.<br>\u2022 En cas de candidature unique sur un canton, le cette derni\u00e8re est soumise directement au comit\u00e9 de coordination.<br>\u2022 En cas de multiples candidatures, le groupe local du collectif \u00e0 l\u2019\u00e9chelle du canton proc\u00e8de au choix de la candidature. Cette derni\u00e8re est ensuite soumise au comit\u00e9 de coordination.<\/p>\n\n\n\n<h3 class=\"wp-block-heading\">Domiciliation des candidat-e-s<\/h3>\n\n\n\n<p>La loi n&rsquo;oblige pas \u00e0 vivre sur un canton pour s&rsquo;y porter candidat-e. N\u00e9anmoins, dans une id\u00e9e d&rsquo;ancrage entre les candidat-e-s et les territoires, le collectif souhaite porter des personnes investies localement dans la vie du canton, que ce soit de mani\u00e8re personnelle, professionnelle, militante, etc.<\/p>\n\n\n\n<h3 class=\"wp-block-heading\">Profil des candidatures<\/h3>\n\n\n\n<p>L&rsquo;ambition du collectif est de porter des candidat-e-s repr\u00e9sentant le territoire et ses habitant-e-s. Ainsi, une attention particuli\u00e8re sera apport\u00e9e \u00e0 la mixit\u00e9 des g\u00e9n\u00e9rations, des cat\u00e9gories socio-professionnelles, des formes d&rsquo;engagements, des cultures, des genres\u2026 de tous les param\u00e8tres pouvant refl\u00e9ter la diversit\u00e9 de la Vienne.<\/p>\n\n\n\n<p>Version n\u00b01 de la charte, valid\u00e9e par le comit\u00e9 de coordination le 03\/12\/2020<\/p>\n\n\n\n<p><a href=\"https:\/\/www.vienne-en-transition.fr\/wp-content\/uploads\/2021\/02\/charte-fonctionnement.pdf\"><img loading=\"lazy\" decoding=\"async\" width=\"60\" height=\"60\" class=\"wp-image-1267\" style=\"width: 60px;\" src=\"https:\/\/www.vienne-en-transition.fr\/wp-content\/uploads\/2021\/02\/bouton-pdf.png\" alt=\"\"><\/a><\/p>\n","protected":false},"excerpt":{"rendered":"<p>Dans un d\u00e9sir de renouvellement d\u00e9mocratique, le collectif reconna\u00eet la capacit\u00e9 de chaque habitant-e du d\u00e9partement \u00e0 tenir une place [&hellip;]<\/p>\n","protected":false},"author":1,"featured_media":0,"parent":0,"menu_order":0,"comment_status":"closed","ping_status":"closed","template":"","meta":{"site-sidebar-layout":"default","site-content-layout":"","ast-site-content-layout":"","site-content-style":"default","site-sidebar-style":"default","ast-global-header-display":"","ast-banner-title-visibility":"","ast-main-header-display":"","ast-hfb-above-header-display":"","ast-hfb-below-header-display":"","ast-hfb-mobile-header-display":"","site-post-title":"","ast-breadcrumbs-content":"","ast-featured-img":"","footer-sml-layout":"","theme-transparent-header-meta":"","adv-header-id-meta":"","stick-header-meta":"","header-above-stick-meta":"","header-main-stick-meta":"","header-below-stick-meta":"","astra-migrate-meta-layouts":"default","ast-page-background-enabled":"default","ast-page-background-meta":{"desktop":{"background-color":"var(--ast-global-color-5)","background-image":"","background-repeat":"repeat","background-position":"center center","background-size":"auto","background-attachment":"scroll","background-type":"","background-media":"","overlay-type":"","overlay-color":"","overlay-opacity":"","overlay-gradient":""},"tablet":{"background-color":"","background-image":"","background-repeat":"repeat","background-position":"center center","background-size":"auto","background-attachment":"scroll","background-type":"","background-media":"","overlay-type":"","overlay-color":"","overlay-opacity":"","overlay-gradient":""},"mobile":{"background-color":"","background-image":"","background-repeat":"repeat","background-position":"center center","background-size":"auto","background-attachment":"scroll","background-type":"","background-media":"","overlay-type":"","overlay-color":"","overlay-opacity":"","overlay-gradient":""}},"ast-content-background-meta":{"desktop":{"background-color":"var(--ast-global-color-4)","background-image":"","background-repeat":"repeat","background-position":"center center","background-size":"auto","background-attachment":"scroll","background-type":"","background-media":"","overlay-type":"","overlay-color":"","overlay-opacity":"","overlay-gradient":""},"tablet":{"background-color":"var(--ast-global-color-4)","background-image":"","background-repeat":"repeat","background-position":"center center","background-size":"auto","background-attachment":"scroll","background-type":"","background-media":"","overlay-type":"","overlay-color":"","overlay-opacity":"","overlay-gradient":""},"mobile":{"background-color":"var(--ast-global-color-4)","background-image":"","background-repeat":"repeat","background-position":"center center","background-size":"auto","background-attachment":"scroll","background-type":"","background-media":"","overlay-type":"","overlay-color":"","overlay-opacity":"","overlay-gradient":""}},"footnotes":""},"class_list":["post-877","page","type-page","status-publish","hentry"],"_links":{"self":[{"href":"https:\/\/www.vienne-en-transition.fr\/index.php\/wp-json\/wp\/v2\/pages\/877","targetHints":{"allow":["GET"]}}],"collection":[{"href":"https:\/\/www.vienne-en-transition.fr\/index.php\/wp-json\/wp\/v2\/pages"}],"about":[{"href":"https:\/\/www.vienne-en-transition.fr\/index.php\/wp-json\/wp\/v2\/types\/page"}],"author":[{"embeddable":true,"href":"https:\/\/www.vienne-en-transition.fr\/index.php\/wp-json\/wp\/v2\/users\/1"}],"replies":[{"embeddable":true,"href":"https:\/\/www.vienne-en-transition.fr\/index.php\/wp-json\/wp\/v2\/comments?post=877"}],"version-history":[{"count":12,"href":"https:\/\/www.vienne-en-transition.fr\/index.php\/wp-json\/wp\/v2\/pages\/877\/revisions"}],"predecessor-version":[{"id":1291,"href":"https:\/\/www.vienne-en-transition.fr\/index.php\/wp-json\/wp\/v2\/pages\/877\/revisions\/1291"}],"wp:attachment":[{"href":"https:\/\/www.vienne-en-transition.fr\/index.php\/wp-json\/wp\/v2\/media?parent=877"}],"curies":[{"name":"wp","href":"https:\/\/api.w.org\/{rel}","templated":true}]}}