{"id":2705,"date":"2025-01-28T10:22:14","date_gmt":"2025-01-28T09:22:14","guid":{"rendered":"https:\/\/www.vienne-en-transition.fr\/?page_id=2705"},"modified":"2025-11-07T12:07:16","modified_gmt":"2025-11-07T11:07:16","slug":"accueil-2","status":"publish","type":"page","link":"https:\/\/www.vienne-en-transition.fr\/index.php\/nos-idees-phares\/accueil-2\/","title":{"rendered":"Accueil"},"content":{"rendered":"\n<div class=\"wp-block-columns is-layout-flex wp-container-core-columns-is-layout-28f84493 wp-block-columns-is-layout-flex\">\n<div class=\"wp-block-column is-layout-flow wp-block-column-is-layout-flow\">\n<h3 class=\"wp-block-heading has-text-align-center\">Notre derni\u00e8re tribune dans <em>Vienne Mag<\/em><\/h3>\n\n\n\n<figure class=\"wp-block-gallery has-nested-images columns-default is-cropped wp-block-gallery-1 is-layout-flex wp-block-gallery-is-layout-flex\">\n<figure class=\"wp-block-image size-full\"><img loading=\"lazy\" decoding=\"async\" width=\"1097\" height=\"790\" data-id=\"3043\" src=\"https:\/\/www.vienne-en-transition.fr\/wp-content\/uploads\/2025\/10\/Tribune-septembre-octobre-2025.png\" alt=\"Coll\u00e8ge Henri-IV : l'arbre qui cache la for\u00eat !\" class=\"wp-image-3043\" srcset=\"https:\/\/www.vienne-en-transition.fr\/wp-content\/uploads\/2025\/10\/Tribune-septembre-octobre-2025.png 1097w, https:\/\/www.vienne-en-transition.fr\/wp-content\/uploads\/2025\/10\/Tribune-septembre-octobre-2025-300x216.png 300w, https:\/\/www.vienne-en-transition.fr\/wp-content\/uploads\/2025\/10\/Tribune-septembre-octobre-2025-1024x737.png 1024w, https:\/\/www.vienne-en-transition.fr\/wp-content\/uploads\/2025\/10\/Tribune-septembre-octobre-2025-768x553.png 768w\" sizes=\"auto, (max-width: 1097px) 100vw, 1097px\" \/><\/figure>\n<\/figure>\n\n\n\n<p class=\"has-text-align-center\"><a href=\"https:\/\/www.vienne-en-transition.fr\/index.php\/nos-tribunes-2\/\" data-type=\"page\" data-id=\"2808\">Nos autres tribunes ici<\/a><\/p>\n<\/div>\n\n\n\n<div class=\"wp-block-column is-layout-flow wp-block-column-is-layout-flow\">\n<div class=\"wp-block-columns is-layout-flex wp-container-core-columns-is-layout-28f84493 wp-block-columns-is-layout-flex\">\n<div class=\"wp-block-column is-layout-flow wp-block-column-is-layout-flow\">\n<h3 class=\"wp-block-heading has-text-align-center\">Notre derni\u00e8re intervention en s\u00e9ance<\/h3>\n\n\n\n<h4 class=\"wp-block-heading\"><strong>Commission permanente (17\/10\/25) : les priorit\u00e9s de la majorit\u00e9 en question<\/strong>&nbsp;<\/h4>\n\n\n\n<p>R\u00e9unis en commision permanente ce vendredi 17 octobre, les \u00e9lus de <em>La Vienne en Transition<\/em> ont, \u00e0 plusieurs reprises, questionn\u00e9 les choix de la majorit\u00e9 d\u00e9partementale.\u00a0<\/p>\n\n\n\n<h4 class=\"wp-block-heading\"><strong>Int\u00e9r\u00eat g\u00e9n\u00e9ral et solidarit\u00e9<\/strong>&nbsp;<\/h4>\n\n\n\n<p>Conseillers du canton Poitiers 3, Gr\u00e9gory Vouh\u00e9 et Florence Harris sont intervenus d\u00e8s l\u2019introduction de la s\u00e9ance. Le premier pour fustiger les transgressions de l\u2019int\u00e9r\u00eat g\u00e9n\u00e9ral d\u00e9cid\u00e9es par les \u00e9lus majoritaires, en retirant \u00e0 Fran\u00e7ois Bock sa d\u00e9l\u00e9gation \u00e0 la politique de l\u2019eau et en misant sur la r\u00e9ouverture de la ligne a\u00e9rienne Poitiers-Lyon. \u202f\u00a0\u00bb <em>Vous faites primer les int\u00e9r\u00eats de quelques particuliers sur l\u2019int\u00e9r\u00eat g\u00e9n\u00e9ral des habitants et habitantes de la Vienne<\/em> \u00ab\u00a0\u202f, s\u2019est-il indign\u00e9.\u00a0<\/p>\n\n\n\n<p>Florence Harris, a rench\u00e9ri en critiquant elle aussi les priorit\u00e9s de la majorit\u00e9, qui rabote les d\u00e9penses sociales relevant de sa comp\u00e9tence mais d\u00e9pense 1,4 million d\u2019euros par an pour l\u2019a\u00e9roport. Alertant sur la situation financi\u00e8re dramatique de l\u2019association l\u2019\u00c9veil et de son restaurant d\u2019insertion l\u2019Assiette Sympa, elle a conclu : \u202f\u00a0\u00bb <em>Dans la Vienne, on ne nourrit pas la coh\u00e9sion sociale avec du k\u00e9ros\u00e8ne. Soutenez l\u2019\u00c9veil, avant qu\u2019il ne soit trop tard\u202f!<\/em> \u00ab\u00a0\u202f\u00a0<\/p>\n\n\n\n<p><strong>Am\u00e9nagement du territoire<\/strong>&nbsp;<\/p>\n\n\n\n<p>Gr\u00e9gory Vouh\u00e9, dans le volet Am\u00e9nagement du territoire, a tenu \u00e0 mettre en avant l\u2019excellent travail des agents du D\u00e9partement dans le domaine de la sauvegarde du patrimoine. Et salu\u00e9 le sauvetage de la chapelle de Graill\u00e9, \u00e0 Pindray, \u202f\u00a0\u00bb <em>petit chef-d\u2019\u0153uvre en p\u00e9ril<\/em> \u00ab\u00a0\u202f.\u00a0<\/p>\n\n\n\n<p><a href=\"https:\/\/www.vienne-en-transition.fr\/index.php\/2025\/10\/20\/commission-permanente-17-10-25-les-priorites-de-la-majorite-en-question\/\">[lire la suite ici]<\/a><\/p>\n\n\n\n<p class=\"has-text-align-center\"><a href=\"https:\/\/www.vienne-en-transition.fr\/index.php\/category\/nos-interventions\/\">Nos autres interventions ici<\/a><\/p>\n<\/div>\n<\/div>\n<\/div>\n<\/div>\n\n\n\n<div class=\"wp-block-columns is-layout-flex wp-container-core-columns-is-layout-28f84493 wp-block-columns-is-layout-flex\">\n<div class=\"wp-block-column is-layout-flow wp-block-column-is-layout-flow\">\n<h2 class=\"wp-block-heading has-text-align-center\">Les \u00e9lu\u00b7e\u00b7s<\/h2>\n\n\n\n<div class=\"wp-block-columns is-layout-flex wp-container-core-columns-is-layout-28f84493 wp-block-columns-is-layout-flex\">\n<div class=\"wp-block-column is-layout-flow wp-block-column-is-layout-flow\">\n<div class=\"wp-block-columns is-layout-flex wp-container-core-columns-is-layout-28f84493 wp-block-columns-is-layout-flex\">\n<div class=\"wp-block-column is-layout-flow wp-block-column-is-layout-flow\">\n<figure class=\"wp-block-image aligncenter size-full is-resized\"><a href=\"https:\/\/www.vienne-en-transition.fr\/index.php\/ludovic-devergne-2\/\"><img loading=\"lazy\" decoding=\"async\" width=\"243\" height=\"243\" src=\"https:\/\/www.vienne-en-transition.fr\/wp-content\/uploads\/2021\/05\/profil-ldevergne.jpg\" alt=\"\" class=\"wp-image-1755\" style=\"width:186px;height:auto\" srcset=\"https:\/\/www.vienne-en-transition.fr\/wp-content\/uploads\/2021\/05\/profil-ldevergne.jpg 243w, https:\/\/www.vienne-en-transition.fr\/wp-content\/uploads\/2021\/05\/profil-ldevergne-150x150.jpg 150w, https:\/\/www.vienne-en-transition.fr\/wp-content\/uploads\/2021\/05\/profil-ldevergne-100x100.jpg 100w\" sizes=\"auto, (max-width: 243px) 100vw, 243px\" \/><\/a><\/figure>\n\n\n\n<p class=\"has-text-align-center\"><strong>Ludovic Devergne<\/strong><\/p>\n<\/div>\n\n\n\n<div class=\"wp-block-column is-layout-flow wp-block-column-is-layout-flow\">\n<figure class=\"wp-block-image aligncenter size-full is-resized\"><a href=\"https:\/\/www.vienne-en-transition.fr\/index.php\/florence-harris-3\/\"><img loading=\"lazy\" decoding=\"async\" width=\"243\" height=\"243\" src=\"https:\/\/www.vienne-en-transition.fr\/wp-content\/uploads\/2021\/05\/profil-fharris.jpg\" alt=\"\" class=\"wp-image-1764\" style=\"width:187px;height:auto\" srcset=\"https:\/\/www.vienne-en-transition.fr\/wp-content\/uploads\/2021\/05\/profil-fharris.jpg 243w, https:\/\/www.vienne-en-transition.fr\/wp-content\/uploads\/2021\/05\/profil-fharris-150x150.jpg 150w, https:\/\/www.vienne-en-transition.fr\/wp-content\/uploads\/2021\/05\/profil-fharris-100x100.jpg 100w\" sizes=\"auto, (max-width: 243px) 100vw, 243px\" \/><\/a><\/figure>\n\n\n\n<p class=\"has-text-align-center\"><strong>Florence Harris<\/strong><\/p>\n<\/div>\n<\/div>\n<\/div>\n\n\n\n<div class=\"wp-block-column is-layout-flow wp-block-column-is-layout-flow\">\n<div class=\"wp-block-columns is-layout-flex wp-container-core-columns-is-layout-28f84493 wp-block-columns-is-layout-flex\">\n<div class=\"wp-block-column is-layout-flow wp-block-column-is-layout-flow\">\n<figure class=\"wp-block-image aligncenter size-full is-resized\"><a href=\"https:\/\/www.vienne-en-transition.fr\/index.php\/sarah-rhallab-2\/\"><img loading=\"lazy\" decoding=\"async\" width=\"243\" height=\"243\" src=\"https:\/\/www.vienne-en-transition.fr\/wp-content\/uploads\/2021\/05\/profil-srhallab.jpg\" alt=\"\" class=\"wp-image-1757\" style=\"width:187px;height:auto\" srcset=\"https:\/\/www.vienne-en-transition.fr\/wp-content\/uploads\/2021\/05\/profil-srhallab.jpg 243w, https:\/\/www.vienne-en-transition.fr\/wp-content\/uploads\/2021\/05\/profil-srhallab-150x150.jpg 150w, https:\/\/www.vienne-en-transition.fr\/wp-content\/uploads\/2021\/05\/profil-srhallab-100x100.jpg 100w\" sizes=\"auto, (max-width: 243px) 100vw, 243px\" \/><\/a><\/figure>\n\n\n\n<p class=\"has-text-align-center\"><strong>Sarah Rhallab<\/strong><\/p>\n<\/div>\n\n\n\n<div class=\"wp-block-column is-layout-flow wp-block-column-is-layout-flow\">\n<figure class=\"wp-block-image aligncenter size-full is-resized\"><a href=\"https:\/\/www.vienne-en-transition.fr\/index.php\/gregory-vouhe-3\/\"><img loading=\"lazy\" decoding=\"async\" width=\"243\" height=\"243\" src=\"https:\/\/www.vienne-en-transition.fr\/wp-content\/uploads\/2021\/05\/profil-gvouhe.jpg\" alt=\"\" class=\"wp-image-1765\" style=\"width:188px;height:auto\" srcset=\"https:\/\/www.vienne-en-transition.fr\/wp-content\/uploads\/2021\/05\/profil-gvouhe.jpg 243w, https:\/\/www.vienne-en-transition.fr\/wp-content\/uploads\/2021\/05\/profil-gvouhe-150x150.jpg 150w, https:\/\/www.vienne-en-transition.fr\/wp-content\/uploads\/2021\/05\/profil-gvouhe-100x100.jpg 100w\" sizes=\"auto, (max-width: 243px) 100vw, 243px\" \/><\/a><\/figure>\n\n\n\n<p class=\"has-text-align-center\"><strong>Gr\u00e9gory Vouh\u00e9<\/strong><\/p>\n<\/div>\n<\/div>\n<\/div>\n<\/div>\n<\/div>\n<\/div>\n\n\n\n<div class=\"wp-block-group alignfull has-contrast-color has-text-color is-vertical is-content-justification-center is-layout-flex wp-container-core-group-is-layout-f306f087 wp-block-group-is-layout-flex\" style=\"min-height:40vh;margin-top:0;margin-bottom:0;padding-top:var(--wp--preset--spacing--60);padding-right:var(--wp--preset--spacing--50);padding-bottom:var(--wp--preset--spacing--60);padding-left:var(--wp--preset--spacing--50)\"><div style=\"margin-bottom:6px;\" class=\"is-default-size aligncenter wp-block-site-logo\"><a href=\"https:\/\/www.vienne-en-transition.fr\/\" class=\"custom-logo-link\" rel=\"home\"><img loading=\"lazy\" decoding=\"async\" width=\"434\" height=\"250\" src=\"https:\/\/www.vienne-en-transition.fr\/wp-content\/uploads\/2021\/10\/logo-site.png\" class=\"custom-logo\" alt=\"La Vienne en transition\" srcset=\"https:\/\/www.vienne-en-transition.fr\/wp-content\/uploads\/2021\/10\/logo-site.png 434w, https:\/\/www.vienne-en-transition.fr\/wp-content\/uploads\/2021\/10\/logo-site-300x173.png 300w, https:\/\/www.vienne-en-transition.fr\/wp-content\/uploads\/2021\/10\/logo-site-150x86.png 150w\" sizes=\"auto, (max-width: 434px) 100vw, 434px\" \/><\/a><\/div>\n\n\n<p class=\"has-text-align-center has-medium-font-size\">Proudly powered by <a href=\"https:\/\/wordpress.org\">WordPress<\/a><\/p>\n\n\n\n<ul class=\"wp-block-social-links has-normal-icon-size is-style-logos-only is-nowrap is-layout-flex wp-container-core-social-links-is-layout-65900438 wp-block-social-links-is-layout-flex\"><li class=\"wp-social-link wp-social-link-facebook  wp-block-social-link\"><a href=\"#\" class=\"wp-block-social-link-anchor\"><svg width=\"24\" height=\"24\" viewBox=\"0 0 24 24\" version=\"1.1\" xmlns=\"http:\/\/www.w3.org\/2000\/svg\" aria-hidden=\"true\" focusable=\"false\"><path d=\"M12 2C6.5 2 2 6.5 2 12c0 5 3.7 9.1 8.4 9.9v-7H7.9V12h2.5V9.8c0-2.5 1.5-3.9 3.8-3.9 1.1 0 2.2.2 2.2.2v2.5h-1.3c-1.2 0-1.6.8-1.6 1.6V12h2.8l-.4 2.9h-2.3v7C18.3 21.1 22 17 22 12c0-5.5-4.5-10-10-10z\"><\/path><\/svg><span class=\"wp-block-social-link-label screen-reader-text\">Facebook<\/span><\/a><\/li>\n\n<li class=\"wp-social-link wp-social-link-twitter  wp-block-social-link\"><a href=\"#\" class=\"wp-block-social-link-anchor\"><svg width=\"24\" height=\"24\" viewBox=\"0 0 24 24\" version=\"1.1\" xmlns=\"http:\/\/www.w3.org\/2000\/svg\" aria-hidden=\"true\" focusable=\"false\"><path d=\"M22.23,5.924c-0.736,0.326-1.527,0.547-2.357,0.646c0.847-0.508,1.498-1.312,1.804-2.27 c-0.793,0.47-1.671,0.812-2.606,0.996C18.324,4.498,17.257,4,16.077,4c-2.266,0-4.103,1.837-4.103,4.103 c0,0.322,0.036,0.635,0.106,0.935C8.67,8.867,5.647,7.234,3.623,4.751C3.27,5.357,3.067,6.062,3.067,6.814 c0,1.424,0.724,2.679,1.825,3.415c-0.673-0.021-1.305-0.206-1.859-0.513c0,0.017,0,0.034,0,0.052c0,1.988,1.414,3.647,3.292,4.023 c-0.344,0.094-0.707,0.144-1.081,0.144c-0.264,0-0.521-0.026-0.772-0.074c0.522,1.63,2.038,2.816,3.833,2.85 c-1.404,1.1-3.174,1.756-5.096,1.756c-0.331,0-0.658-0.019-0.979-0.057c1.816,1.164,3.973,1.843,6.29,1.843 c7.547,0,11.675-6.252,11.675-11.675c0-0.178-0.004-0.355-0.012-0.531C20.985,7.47,21.68,6.747,22.23,5.924z\"><\/path><\/svg><span class=\"wp-block-social-link-label screen-reader-text\">Twitter<\/span><\/a><\/li>\n\n<li class=\"wp-social-link wp-social-link-wordpress  wp-block-social-link\"><a href=\"#\" class=\"wp-block-social-link-anchor\"><svg width=\"24\" height=\"24\" viewBox=\"0 0 24 24\" version=\"1.1\" xmlns=\"http:\/\/www.w3.org\/2000\/svg\" aria-hidden=\"true\" focusable=\"false\"><path d=\"M12.158,12.786L9.46,20.625c0.806,0.237,1.657,0.366,2.54,0.366c1.047,0,2.051-0.181,2.986-0.51 c-0.024-0.038-0.046-0.079-0.065-0.124L12.158,12.786z M3.009,12c0,3.559,2.068,6.634,5.067,8.092L3.788,8.341 C3.289,9.459,3.009,10.696,3.009,12z M18.069,11.546c0-1.112-0.399-1.881-0.741-2.48c-0.456-0.741-0.883-1.368-0.883-2.109 c0-0.826,0.627-1.596,1.51-1.596c0.04,0,0.078,0.005,0.116,0.007C16.472,3.904,14.34,3.009,12,3.009 c-3.141,0-5.904,1.612-7.512,4.052c0.211,0.007,0.41,0.011,0.579,0.011c0.94,0,2.396-0.114,2.396-0.114 C7.947,6.93,8.004,7.642,7.52,7.699c0,0-0.487,0.057-1.029,0.085l3.274,9.739l1.968-5.901l-1.401-3.838 C9.848,7.756,9.389,7.699,9.389,7.699C8.904,7.67,8.961,6.93,9.446,6.958c0,0,1.484,0.114,2.368,0.114 c0.94,0,2.397-0.114,2.397-0.114c0.485-0.028,0.542,0.684,0.057,0.741c0,0-0.488,0.057-1.029,0.085l3.249,9.665l0.897-2.996 C17.841,13.284,18.069,12.316,18.069,11.546z M19.889,7.686c0.039,0.286,0.06,0.593,0.06,0.924c0,0.912-0.171,1.938-0.684,3.22 l-2.746,7.94c2.673-1.558,4.47-4.454,4.47-7.771C20.991,10.436,20.591,8.967,19.889,7.686z M12,22C6.486,22,2,17.514,2,12 C2,6.486,6.486,2,12,2c5.514,0,10,4.486,10,10C22,17.514,17.514,22,12,22z\"><\/path><\/svg><span class=\"wp-block-social-link-label screen-reader-text\">WordPress<\/span><\/a><\/li><\/ul>\n<\/div>\n\n\n\n<p><\/p>\n","protected":false},"excerpt":{"rendered":"<p>Notre derni\u00e8re tribune dans Vienne Mag Nos autres tribunes ici Notre derni\u00e8re intervention en s\u00e9ance Commission permanente (17\/10\/25) : les [&hellip;]<\/p>\n","protected":false},"author":1,"featured_media":0,"parent":1845,"menu_order":1,"comment_status":"closed","ping_status":"closed","template":"","meta":{"site-sidebar-layout":"default","site-content-layout":"","ast-site-content-layout":"","site-content-style":"default","site-sidebar-style":"default","ast-global-header-display":"","ast-banner-title-visibility":"","ast-main-header-display":"","ast-hfb-above-header-display":"","ast-hfb-below-header-display":"","ast-hfb-mobile-header-display":"","site-post-title":"disabled","ast-breadcrumbs-content":"","ast-featured-img":"","footer-sml-layout":"","theme-transparent-header-meta":"","adv-header-id-meta":"","stick-header-meta":"","header-above-stick-meta":"","header-main-stick-meta":"","header-below-stick-meta":"","astra-migrate-meta-layouts":"default","ast-page-background-enabled":"default","ast-page-background-meta":{"desktop":{"background-color":"var(--ast-global-color-5)","background-image":"","background-repeat":"repeat","background-position":"center center","background-size":"auto","background-attachment":"scroll","background-type":"","background-media":"","overlay-type":"","overlay-color":"","overlay-opacity":"","overlay-gradient":""},"tablet":{"background-color":"","background-image":"","background-repeat":"repeat","background-position":"center center","background-size":"auto","background-attachment":"scroll","background-type":"","background-media":"","overlay-type":"","overlay-color":"","overlay-opacity":"","overlay-gradient":""},"mobile":{"background-color":"","background-image":"","background-repeat":"repeat","background-position":"center center","background-size":"auto","background-attachment":"scroll","background-type":"","background-media":"","overlay-type":"","overlay-color":"","overlay-opacity":"","overlay-gradient":""}},"ast-content-background-meta":{"desktop":{"background-color":"var(--ast-global-color-4)","background-image":"","background-repeat":"repeat","background-position":"center center","background-size":"auto","background-attachment":"scroll","background-type":"","background-media":"","overlay-type":"","overlay-color":"","overlay-opacity":"","overlay-gradient":""},"tablet":{"background-color":"var(--ast-global-color-4)","background-image":"","background-repeat":"repeat","background-position":"center center","background-size":"auto","background-attachment":"scroll","background-type":"","background-media":"","overlay-type":"","overlay-color":"","overlay-opacity":"","overlay-gradient":""},"mobile":{"background-color":"var(--ast-global-color-4)","background-image":"","background-repeat":"repeat","background-position":"center center","background-size":"auto","background-attachment":"scroll","background-type":"","background-media":"","overlay-type":"","overlay-color":"","overlay-opacity":"","overlay-gradient":""}},"footnotes":""},"class_list":["post-2705","page","type-page","status-publish","hentry"],"_links":{"self":[{"href":"https:\/\/www.vienne-en-transition.fr\/index.php\/wp-json\/wp\/v2\/pages\/2705","targetHints":{"allow":["GET"]}}],"collection":[{"href":"https:\/\/www.vienne-en-transition.fr\/index.php\/wp-json\/wp\/v2\/pages"}],"about":[{"href":"https:\/\/www.vienne-en-transition.fr\/index.php\/wp-json\/wp\/v2\/types\/page"}],"author":[{"embeddable":true,"href":"https:\/\/www.vienne-en-transition.fr\/index.php\/wp-json\/wp\/v2\/users\/1"}],"replies":[{"embeddable":true,"href":"https:\/\/www.vienne-en-transition.fr\/index.php\/wp-json\/wp\/v2\/comments?post=2705"}],"version-history":[{"count":41,"href":"https:\/\/www.vienne-en-transition.fr\/index.php\/wp-json\/wp\/v2\/pages\/2705\/revisions"}],"predecessor-version":[{"id":3077,"href":"https:\/\/www.vienne-en-transition.fr\/index.php\/wp-json\/wp\/v2\/pages\/2705\/revisions\/3077"}],"up":[{"embeddable":true,"href":"https:\/\/www.vienne-en-transition.fr\/index.php\/wp-json\/wp\/v2\/pages\/1845"}],"wp:attachment":[{"href":"https:\/\/www.vienne-en-transition.fr\/index.php\/wp-json\/wp\/v2\/media?parent=2705"}],"curies":[{"name":"wp","href":"https:\/\/api.w.org\/{rel}","templated":true}]}}