{"id":1517,"date":"2021-04-24T11:22:29","date_gmt":"2021-04-24T09:22:29","guid":{"rendered":"https:\/\/www.vienne-en-transition.fr\/?page_id=1517"},"modified":"2025-01-21T13:51:17","modified_gmt":"2025-01-21T12:51:17","slug":"poitiers-3","status":"publish","type":"page","link":"https:\/\/www.vienne-en-transition.fr\/index.php\/candidats\/poitiers-3\/","title":{"rendered":"Poitiers 3"},"content":{"rendered":"\n<figure class=\"wp-block-image aligncenter size-large\"><a href=\"https:\/\/www.vienne-en-transition.fr\/wp-content\/uploads\/2022\/02\/canton3-scaled.jpg\" target=\"_blank\" rel=\"noopener\"><img loading=\"lazy\" decoding=\"async\" width=\"1024\" height=\"545\" src=\"https:\/\/www.vienne-en-transition.fr\/wp-content\/uploads\/2022\/02\/canton3-1024x545.jpg\" alt=\"\" class=\"wp-image-2189\" srcset=\"https:\/\/www.vienne-en-transition.fr\/wp-content\/uploads\/2022\/02\/canton3-1024x545.jpg 1024w, https:\/\/www.vienne-en-transition.fr\/wp-content\/uploads\/2022\/02\/canton3-300x160.jpg 300w, https:\/\/www.vienne-en-transition.fr\/wp-content\/uploads\/2022\/02\/canton3-768x409.jpg 768w, https:\/\/www.vienne-en-transition.fr\/wp-content\/uploads\/2022\/02\/canton3-1536x817.jpg 1536w, https:\/\/www.vienne-en-transition.fr\/wp-content\/uploads\/2022\/02\/canton3-2048x1090.jpg 2048w\" sizes=\"auto, (max-width: 1024px) 100vw, 1024px\" \/><\/a><figcaption class=\"wp-element-caption\"><em><sub>Carte du canton Poitiers 3 : OSM \/ Open Data Grand Poitiers \/ f\u00e9vrier 2022<\/sub><\/em><\/figcaption><\/figure>\n\n\n\n<p>Le canton Poitiers 3 regroupe une partie des quartiers Centre ville et Montbernage &#8211; Pont-Neuf ainsi que le quartier Saint-\u00c9loi &#8211; Breuil-Mingot dans sa totalit\u00e9. <strong>Vous pouvez cliquer sur l&rsquo;image pour agrandir la carte.<\/strong><\/p>\n\n\n\n<p>Sur ce canton, le bin\u00f4me Florence HARRIS &#8211; Gr\u00e9gory VOUH\u00c9 a \u00e9t\u00e9 \u00e9lu lors des \u00e9lections d\u00e9partementales des 20 et 27 juin 2021. Leur mandat va durer presque 7 ans, jusqu&rsquo;en mars 2028.<\/p>\n\n\n\n<figure class=\"wp-block-image size-large\"><img loading=\"lazy\" decoding=\"async\" width=\"1000\" height=\"350\" src=\"https:\/\/www.vienne-en-transition.fr\/wp-content\/uploads\/2021\/05\/bann-poitiers3.jpg\" alt=\"\" class=\"wp-image-1585\" srcset=\"https:\/\/www.vienne-en-transition.fr\/wp-content\/uploads\/2021\/05\/bann-poitiers3.jpg 1000w, https:\/\/www.vienne-en-transition.fr\/wp-content\/uploads\/2021\/05\/bann-poitiers3-300x105.jpg 300w, https:\/\/www.vienne-en-transition.fr\/wp-content\/uploads\/2021\/05\/bann-poitiers3-768x269.jpg 768w\" sizes=\"auto, (max-width: 1000px) 100vw, 1000px\" \/><\/figure>\n\n\n\n<h2 class=\"wp-block-heading\">Florence Harris &#8211; Conseill\u00e8re d\u00e9partementale<\/h2>\n\n\n\n<div class=\"wp-block-columns alignwide is-layout-flex wp-container-core-columns-is-layout-28f84493 wp-block-columns-is-layout-flex\">\n<div class=\"wp-block-column is-layout-flow wp-block-column-is-layout-flow\" style=\"flex-basis:15%\">\n<figure class=\"wp-block-image size-large is-style-rounded\"><img loading=\"lazy\" decoding=\"async\" width=\"983\" height=\"1024\" src=\"https:\/\/www.vienne-en-transition.fr\/wp-content\/uploads\/2021\/11\/Harris-scaled-e1636465249815-983x1024.jpg\" alt=\"\" class=\"wp-image-2098\" srcset=\"https:\/\/www.vienne-en-transition.fr\/wp-content\/uploads\/2021\/11\/Harris-scaled-e1636465249815-983x1024.jpg 983w, https:\/\/www.vienne-en-transition.fr\/wp-content\/uploads\/2021\/11\/Harris-scaled-e1636465249815-288x300.jpg 288w, https:\/\/www.vienne-en-transition.fr\/wp-content\/uploads\/2021\/11\/Harris-scaled-e1636465249815-768x800.jpg 768w, https:\/\/www.vienne-en-transition.fr\/wp-content\/uploads\/2021\/11\/Harris-scaled-e1636465249815-1474x1536.jpg 1474w, https:\/\/www.vienne-en-transition.fr\/wp-content\/uploads\/2021\/11\/Harris-scaled-e1636465249815.jpg 1707w\" sizes=\"auto, (max-width: 983px) 100vw, 983px\" \/><\/figure>\n\n\n\n<figure class=\"wp-block-image aligncenter is-resized is-style-rounded\"><a href=\"https:\/\/www.facebook.com\/floharris86\"><img loading=\"lazy\" decoding=\"async\" width=\"200\" height=\"200\" src=\"https:\/\/www.vienne-en-transition.fr\/wp-content\/uploads\/2021\/05\/picto-facebook.png\" alt=\"Facebook\" class=\"wp-image-1875\" style=\"width:35px;height:35px\" srcset=\"https:\/\/www.vienne-en-transition.fr\/wp-content\/uploads\/2021\/05\/picto-facebook.png 200w, https:\/\/www.vienne-en-transition.fr\/wp-content\/uploads\/2021\/05\/picto-facebook-150x150.png 150w, https:\/\/www.vienne-en-transition.fr\/wp-content\/uploads\/2021\/05\/picto-facebook-100x100.png 100w\" sizes=\"auto, (max-width: 200px) 100vw, 200px\" \/><\/a><\/figure>\n\n\n\n<figure class=\"wp-block-image aligncenter is-resized\"><a href=\"https:\/\/twitter.com\/floharris86\"><img loading=\"lazy\" decoding=\"async\" width=\"200\" height=\"200\" src=\"https:\/\/www.vienne-en-transition.fr\/wp-content\/uploads\/2021\/05\/picto-twitter.png\" alt=\"\" class=\"wp-image-1877\" style=\"width:35px;height:35px\" srcset=\"https:\/\/www.vienne-en-transition.fr\/wp-content\/uploads\/2021\/05\/picto-twitter.png 200w, https:\/\/www.vienne-en-transition.fr\/wp-content\/uploads\/2021\/05\/picto-twitter-150x150.png 150w, https:\/\/www.vienne-en-transition.fr\/wp-content\/uploads\/2021\/05\/picto-twitter-100x100.png 100w\" sizes=\"auto, (max-width: 200px) 100vw, 200px\" \/><\/a><\/figure>\n\n\n\n<figure class=\"wp-block-image aligncenter size-full is-resized is-style-rounded\"><a href=\"https:\/\/www.instagram.com\/floharris86\"><img loading=\"lazy\" decoding=\"async\" width=\"200\" height=\"200\" src=\"https:\/\/www.vienne-en-transition.fr\/wp-content\/uploads\/2021\/05\/picto-instagram.png\" alt=\"\" class=\"wp-image-1876\" style=\"width:35px;height:35px\" srcset=\"https:\/\/www.vienne-en-transition.fr\/wp-content\/uploads\/2021\/05\/picto-instagram.png 200w, https:\/\/www.vienne-en-transition.fr\/wp-content\/uploads\/2021\/05\/picto-instagram-150x150.png 150w, https:\/\/www.vienne-en-transition.fr\/wp-content\/uploads\/2021\/05\/picto-instagram-100x100.png 100w\" sizes=\"auto, (max-width: 200px) 100vw, 200px\" \/><\/a><\/figure>\n<\/div>\n\n\n\n<div class=\"wp-block-column is-layout-flow wp-block-column-is-layout-flow\"><\/div>\n\n\n\n<div class=\"wp-block-column is-layout-flow wp-block-column-is-layout-flow\" style=\"flex-basis:85%\">\n<p>Professionnelle de sant\u00e9, syndicaliste.<\/p>\n\n\n\n<p>Rencontrez Florence Harris en permanence \u00e0 la mairie de quartier de Saint-Eloi (15 Av. de la Fraternit\u00e9, 86000 Poitiers), sur rendez-vous au 06 17 55 09 42 :<\/p>\n\n\n\n<ul class=\"wp-block-list\">\n<li>Mercredi 22 janvier 2025 : 14h-17h<\/li>\n\n\n\n<li>Mercredi 12 f\u00e9vrier 2025 : 14h-17h <\/li>\n\n\n\n<li>Mercredi 19 mars 2025 : 14h-17h<\/li>\n\n\n\n<li>Mercredi 2 avril 2025 : 14h-17h<\/li>\n\n\n\n<li>Mercredi 14 mai 2025 : 14h-17h<\/li>\n\n\n\n<li>Mercredi 11 juin 2025 : 14h-17h<\/li>\n<\/ul>\n\n\n\n<p>Au Conseil d\u00e9partemental, Florence Harris est membre de :<br>&#8211; la Commission permanente, <br>&#8211; la commission Agriculture et ruralit\u00e9,<br>&#8211; la commission Action Sociale, Enfance, Famille \/  Sant\u00e9,<br>&#8211; la commission Relations internationales,<br>&#8211; la commission des Finances.<\/p>\n\n\n\n<p>En tant que conseill\u00e8re d\u00e9partementale, elle si\u00e8ge : <br>&#8211; au Coll\u00e8ge public Jean Moulin \u00e0 Poitiers,<br>&#8211; au Lyc\u00e9e d&rsquo;Enseignement et de Formation Professionnelle Agricoles \u00ab\u00a0Kyoto\u00a0\u00bb \u00e0 Poitiers,<br>&#8211; au Service d\u00e9partemental d&rsquo;incendie et de secours (SDIS), <br>&#8211; \u00e0 la Commission consultative d\u00e9partementale de s\u00e9curit\u00e9 et d&rsquo;accessibilit\u00e9 (CCDSA),<br>&#8211; au Comit\u00e9 de pilotage du Sch\u00e9ma D\u00e9partemental d&rsquo;Am\u00e9lioration de l&rsquo;Accessibilit\u00e9 des Services au Public (SDAASP),<br>&#8211; \u00e0 la Commission consultative des services publics locaux,<br>&#8211; \u00e0 la Commission d\u00e9partementale charg\u00e9e de dresser la liste annuelle des jur\u00e9s et la liste sp\u00e9ciale des jur\u00e9s suppl\u00e9ants.<\/p>\n<\/div>\n<\/div>\n\n\n\n<h2 class=\"wp-block-heading\">Gr\u00e9gory Vouh\u00e9 &#8211; Conseiller d\u00e9partemental<\/h2>\n\n\n\n<div class=\"wp-block-columns alignwide is-layout-flex wp-container-core-columns-is-layout-28f84493 wp-block-columns-is-layout-flex\">\n<div class=\"wp-block-column is-layout-flow wp-block-column-is-layout-flow\" style=\"flex-basis:15%\">\n<figure class=\"wp-block-image\"><img loading=\"lazy\" decoding=\"async\" width=\"243\" height=\"243\" src=\"https:\/\/www.vienne-en-transition.fr\/wp-content\/uploads\/2021\/05\/profil-gvouhe.jpg\" alt=\"Gr\u00e9gory Vouh\u00e9\" class=\"wp-image-1765\" srcset=\"https:\/\/www.vienne-en-transition.fr\/wp-content\/uploads\/2021\/05\/profil-gvouhe.jpg 243w, https:\/\/www.vienne-en-transition.fr\/wp-content\/uploads\/2021\/05\/profil-gvouhe-150x150.jpg 150w, https:\/\/www.vienne-en-transition.fr\/wp-content\/uploads\/2021\/05\/profil-gvouhe-100x100.jpg 100w\" sizes=\"auto, (max-width: 243px) 100vw, 243px\" \/><\/figure>\n\n\n\n<figure class=\"wp-block-image aligncenter is-resized is-style-rounded\"><a href=\"https:\/\/www.facebook.com\/gregory.vouhe\"><img loading=\"lazy\" decoding=\"async\" width=\"200\" height=\"200\" src=\"https:\/\/www.vienne-en-transition.fr\/wp-content\/uploads\/2021\/05\/picto-facebook.png\" alt=\"Facebook\" class=\"wp-image-1875\" style=\"width:35px;height:35px\" srcset=\"https:\/\/www.vienne-en-transition.fr\/wp-content\/uploads\/2021\/05\/picto-facebook.png 200w, https:\/\/www.vienne-en-transition.fr\/wp-content\/uploads\/2021\/05\/picto-facebook-150x150.png 150w, https:\/\/www.vienne-en-transition.fr\/wp-content\/uploads\/2021\/05\/picto-facebook-100x100.png 100w\" sizes=\"auto, (max-width: 200px) 100vw, 200px\" \/><\/a><\/figure>\n<\/div>\n\n\n\n<div class=\"wp-block-column is-layout-flow wp-block-column-is-layout-flow\" style=\"flex-basis:85%\">\n<p>Historien de l\u2019art, r\u00e9dacteur pour la revue L\u2019Actualit\u00e9 Nouvelle-Aquitaine.<\/p>\n\n\n\n<p>Au Conseil d\u00e9partemental, Gr\u00e9gory Vouh\u00e9 est membre de :<br>&#8211; la Commission permanente, <br>&#8211; la commission Climat et D\u00e9veloppement durable,<br>&#8211; la commission Habitat, Logement,<br>&#8211; la commission Culture et \u00e9v\u00e9nementiel,<br>&#8211; la commission des Finances.<\/p>\n\n\n\n<p class=\"has-text-align-left\">En tant que conseiller d\u00e9partemental, il si\u00e8ge : <br>&#8211; au Coll\u00e8ge public du Jardin des Plantes \u00e0 Poitiers,<br>&#8211; au Coll\u00e8ge public Henri IV \u00e0 Poitiers,<br>&#8211; au Comit\u00e9 responsable du Plan d\u00e9partemental d&rsquo;action pour le logement et l&rsquo;h\u00e9bergement des personnes d\u00e9favoris\u00e9es (PDALHPD), <br>&#8211; \u00e0 la Commission d&rsquo;appel \u00e0 Projets Patrimoine,<br>&#8211; \u00e0 la Commission d\u00e9partementale des risques naturels majeurs.<\/p>\n<\/div>\n<\/div>\n\n\n\n<h2 class=\"wp-block-heading\">Salimata Moussa &#8211; Rempla\u00e7ante<\/h2>\n\n\n\n<div class=\"wp-block-media-text alignwide is-stacked-on-mobile\" style=\"grid-template-columns:15% auto\"><figure class=\"wp-block-media-text__media\"><img loading=\"lazy\" decoding=\"async\" width=\"243\" height=\"243\" src=\"https:\/\/www.vienne-en-transition.fr\/wp-content\/uploads\/2021\/05\/profil-smoussa.jpg\" alt=\"Salimata Moussa \" class=\"wp-image-1766 size-full\" srcset=\"https:\/\/www.vienne-en-transition.fr\/wp-content\/uploads\/2021\/05\/profil-smoussa.jpg 243w, https:\/\/www.vienne-en-transition.fr\/wp-content\/uploads\/2021\/05\/profil-smoussa-150x150.jpg 150w, https:\/\/www.vienne-en-transition.fr\/wp-content\/uploads\/2021\/05\/profil-smoussa-100x100.jpg 100w\" sizes=\"auto, (max-width: 243px) 100vw, 243px\" \/><\/figure><div class=\"wp-block-media-text__content\">\n<p>Aide-soignante au CHU, impliqu\u00e9e dans le monde associatif, notamment dans l\u2019accompagnement des familles, le soutien scolaire et les activit\u00e9s culturelles avec l\u2019association Mw\u00e9zi de Poitiers.<\/p>\n<\/div><\/div>\n\n\n\n<h2 class=\"wp-block-heading\">Bilal Rhaimoura &#8211; Rempla\u00e7ant<\/h2>\n\n\n\n<div class=\"wp-block-media-text alignwide is-stacked-on-mobile\" style=\"grid-template-columns:15% auto\"><figure class=\"wp-block-media-text__media\"><img loading=\"lazy\" decoding=\"async\" width=\"243\" height=\"243\" src=\"https:\/\/www.vienne-en-transition.fr\/wp-content\/uploads\/2021\/05\/profil-brhaimoura.jpg\" alt=\"Bilal Rhaimoura\" class=\"wp-image-1767 size-full\" srcset=\"https:\/\/www.vienne-en-transition.fr\/wp-content\/uploads\/2021\/05\/profil-brhaimoura.jpg 243w, https:\/\/www.vienne-en-transition.fr\/wp-content\/uploads\/2021\/05\/profil-brhaimoura-150x150.jpg 150w, https:\/\/www.vienne-en-transition.fr\/wp-content\/uploads\/2021\/05\/profil-brhaimoura-100x100.jpg 100w\" sizes=\"auto, (max-width: 243px) 100vw, 243px\" \/><\/figure><div class=\"wp-block-media-text__content\">\n<p>Commercial dans le BTP, engag\u00e9 pour l\u2019accessibilit\u00e9 \u00e0 l\u2019emploi et laformation des jeunes. Membre du groupe les Fourmis, mobilis\u00e9 lors de la campagne des municipales pour soutenir Poitiers collectif.<\/p>\n<\/div><\/div>\n","protected":false},"excerpt":{"rendered":"<p>Le canton Poitiers 3 regroupe une partie des quartiers Centre ville et Montbernage &#8211; Pont-Neuf ainsi que le quartier Saint-\u00c9loi [&hellip;]<\/p>\n","protected":false},"author":1,"featured_media":0,"parent":1486,"menu_order":0,"comment_status":"closed","ping_status":"closed","template":"","meta":{"site-sidebar-layout":"default","site-content-layout":"","ast-site-content-layout":"","site-content-style":"default","site-sidebar-style":"default","ast-global-header-display":"","ast-banner-title-visibility":"","ast-main-header-display":"","ast-hfb-above-header-display":"","ast-hfb-below-header-display":"","ast-hfb-mobile-header-display":"","site-post-title":"","ast-breadcrumbs-content":"","ast-featured-img":"","footer-sml-layout":"","theme-transparent-header-meta":"","adv-header-id-meta":"","stick-header-meta":"","header-above-stick-meta":"","header-main-stick-meta":"","header-below-stick-meta":"","astra-migrate-meta-layouts":"default","ast-page-background-enabled":"default","ast-page-background-meta":{"desktop":{"background-color":"var(--ast-global-color-5)","background-image":"","background-repeat":"repeat","background-position":"center center","background-size":"auto","background-attachment":"scroll","background-type":"","background-media":"","overlay-type":"","overlay-color":"","overlay-opacity":"","overlay-gradient":""},"tablet":{"background-color":"","background-image":"","background-repeat":"repeat","background-position":"center center","background-size":"auto","background-attachment":"scroll","background-type":"","background-media":"","overlay-type":"","overlay-color":"","overlay-opacity":"","overlay-gradient":""},"mobile":{"background-color":"","background-image":"","background-repeat":"repeat","background-position":"center center","background-size":"auto","background-attachment":"scroll","background-type":"","background-media":"","overlay-type":"","overlay-color":"","overlay-opacity":"","overlay-gradient":""}},"ast-content-background-meta":{"desktop":{"background-color":"var(--ast-global-color-4)","background-image":"","background-repeat":"repeat","background-position":"center center","background-size":"auto","background-attachment":"scroll","background-type":"","background-media":"","overlay-type":"","overlay-color":"","overlay-opacity":"","overlay-gradient":""},"tablet":{"background-color":"var(--ast-global-color-4)","background-image":"","background-repeat":"repeat","background-position":"center center","background-size":"auto","background-attachment":"scroll","background-type":"","background-media":"","overlay-type":"","overlay-color":"","overlay-opacity":"","overlay-gradient":""},"mobile":{"background-color":"var(--ast-global-color-4)","background-image":"","background-repeat":"repeat","background-position":"center center","background-size":"auto","background-attachment":"scroll","background-type":"","background-media":"","overlay-type":"","overlay-color":"","overlay-opacity":"","overlay-gradient":""}},"footnotes":""},"class_list":["post-1517","page","type-page","status-publish","hentry"],"_links":{"self":[{"href":"https:\/\/www.vienne-en-transition.fr\/index.php\/wp-json\/wp\/v2\/pages\/1517","targetHints":{"allow":["GET"]}}],"collection":[{"href":"https:\/\/www.vienne-en-transition.fr\/index.php\/wp-json\/wp\/v2\/pages"}],"about":[{"href":"https:\/\/www.vienne-en-transition.fr\/index.php\/wp-json\/wp\/v2\/types\/page"}],"author":[{"embeddable":true,"href":"https:\/\/www.vienne-en-transition.fr\/index.php\/wp-json\/wp\/v2\/users\/1"}],"replies":[{"embeddable":true,"href":"https:\/\/www.vienne-en-transition.fr\/index.php\/wp-json\/wp\/v2\/comments?post=1517"}],"version-history":[{"count":34,"href":"https:\/\/www.vienne-en-transition.fr\/index.php\/wp-json\/wp\/v2\/pages\/1517\/revisions"}],"predecessor-version":[{"id":2649,"href":"https:\/\/www.vienne-en-transition.fr\/index.php\/wp-json\/wp\/v2\/pages\/1517\/revisions\/2649"}],"up":[{"embeddable":true,"href":"https:\/\/www.vienne-en-transition.fr\/index.php\/wp-json\/wp\/v2\/pages\/1486"}],"wp:attachment":[{"href":"https:\/\/www.vienne-en-transition.fr\/index.php\/wp-json\/wp\/v2\/media?parent=1517"}],"curies":[{"name":"wp","href":"https:\/\/api.w.org\/{rel}","templated":true}]}}