{"id":1509,"date":"2021-04-24T11:20:57","date_gmt":"2021-04-24T09:20:57","guid":{"rendered":"https:\/\/www.vienne-en-transition.fr\/?page_id=1509"},"modified":"2021-06-04T09:21:09","modified_gmt":"2021-06-04T07:21:09","slug":"migne-auxances","status":"publish","type":"page","link":"https:\/\/www.vienne-en-transition.fr\/index.php\/candidats\/migne-auxances\/","title":{"rendered":"Mign\u00e9-Auxances"},"content":{"rendered":"\n<figure class=\"wp-block-image size-large\"><img loading=\"lazy\" decoding=\"async\" width=\"1000\" height=\"350\" src=\"https:\/\/www.vienne-en-transition.fr\/wp-content\/uploads\/2021\/05\/bann-migne.jpg\" alt=\"\" class=\"wp-image-1582\" srcset=\"https:\/\/www.vienne-en-transition.fr\/wp-content\/uploads\/2021\/05\/bann-migne.jpg 1000w, https:\/\/www.vienne-en-transition.fr\/wp-content\/uploads\/2021\/05\/bann-migne-300x105.jpg 300w, https:\/\/www.vienne-en-transition.fr\/wp-content\/uploads\/2021\/05\/bann-migne-768x269.jpg 768w\" sizes=\"auto, (max-width: 1000px) 100vw, 1000px\" \/><\/figure>\n\n\n\n<p><a href=\"https:\/\/www.facebook.com\/Christelle-Charrier-G%C3%A9rald-Garnier-106999261560255\/\"><img loading=\"lazy\" decoding=\"async\" width=\"40\" height=\"40\" class=\"wp-image-1875\" style=\"width: 40px;\" src=\"https:\/\/www.vienne-en-transition.fr\/wp-content\/uploads\/2021\/05\/picto-facebook.png\" alt=\"Facebook\" srcset=\"https:\/\/www.vienne-en-transition.fr\/wp-content\/uploads\/2021\/05\/picto-facebook.png 200w, https:\/\/www.vienne-en-transition.fr\/wp-content\/uploads\/2021\/05\/picto-facebook-150x150.png 150w, https:\/\/www.vienne-en-transition.fr\/wp-content\/uploads\/2021\/05\/picto-facebook-100x100.png 100w\" sizes=\"auto, (max-width: 40px) 100vw, 40px\" \/><\/a><img loading=\"lazy\" decoding=\"async\" width=\"20\" height=\"40\" class=\"wp-image-1868\" style=\"width: 20px;\" src=\"https:\/\/www.vienne-en-transition.fr\/wp-content\/uploads\/2021\/05\/picto-espace.png\" alt=\"\"><a href=\"https:\/\/twitter.com\/LVETmigne*\"><img loading=\"lazy\" decoding=\"async\" width=\"40\" height=\"40\" class=\"wp-image-1877\" style=\"width: 40px;\" src=\"https:\/\/www.vienne-en-transition.fr\/wp-content\/uploads\/2021\/05\/picto-twitter.png\" alt=\"\" srcset=\"https:\/\/www.vienne-en-transition.fr\/wp-content\/uploads\/2021\/05\/picto-twitter.png 200w, https:\/\/www.vienne-en-transition.fr\/wp-content\/uploads\/2021\/05\/picto-twitter-150x150.png 150w, https:\/\/www.vienne-en-transition.fr\/wp-content\/uploads\/2021\/05\/picto-twitter-100x100.png 100w\" sizes=\"auto, (max-width: 40px) 100vw, 40px\" \/><\/a><img loading=\"lazy\" decoding=\"async\" width=\"175\" height=\"40\" class=\"wp-image-1973\" style=\"width: 175px;\" src=\"https:\/\/www.vienne-en-transition.fr\/wp-content\/uploads\/2021\/06\/texte-reseauxsociaux.png\" alt=\"Suivez la campagne sur les r\u00e9seaux sociaux\" srcset=\"https:\/\/www.vienne-en-transition.fr\/wp-content\/uploads\/2021\/06\/texte-reseauxsociaux.png 350w, https:\/\/www.vienne-en-transition.fr\/wp-content\/uploads\/2021\/06\/texte-reseauxsociaux-300x69.png 300w\" sizes=\"auto, (max-width: 175px) 100vw, 175px\" \/><\/p>\n\n\n\n<h2 class=\"wp-block-heading\">Christelle Charrier &#8211; Titulaire<\/h2>\n\n\n\n<div class=\"wp-block-media-text alignwide is-stacked-on-mobile\" style=\"grid-template-columns:15% auto\"><figure class=\"wp-block-media-text__media\"><img loading=\"lazy\" decoding=\"async\" width=\"243\" height=\"243\" src=\"https:\/\/www.vienne-en-transition.fr\/wp-content\/uploads\/2021\/05\/profil-ccharrier.jpg\" alt=\"Christelle Charrier\" class=\"wp-image-1740 size-full\" srcset=\"https:\/\/www.vienne-en-transition.fr\/wp-content\/uploads\/2021\/05\/profil-ccharrier.jpg 243w, https:\/\/www.vienne-en-transition.fr\/wp-content\/uploads\/2021\/05\/profil-ccharrier-150x150.jpg 150w, https:\/\/www.vienne-en-transition.fr\/wp-content\/uploads\/2021\/05\/profil-ccharrier-100x100.jpg 100w\" sizes=\"auto, (max-width: 243px) 100vw, 243px\" \/><\/figure><div class=\"wp-block-media-text__content\">\n<p>Secr\u00e9taire de direction \u2013 49 ans<br>Conseill\u00e8re municipale \u00e0 Villiers depuis 2014<br>Membre et \u00e9lue au sein de la FCPE depuis 2006<br>Engag\u00e9e : contre les violences sexistes et sexuelles, et pour la protection des enfants.<\/p>\n<\/div><\/div>\n\n\n\n<h2 class=\"wp-block-heading\">G\u00e9rald Garnier &#8211; Titulaire<\/h2>\n\n\n\n<div class=\"wp-block-media-text alignwide is-stacked-on-mobile\" style=\"grid-template-columns:15% auto\"><figure class=\"wp-block-media-text__media\"><img loading=\"lazy\" decoding=\"async\" width=\"243\" height=\"243\" src=\"https:\/\/www.vienne-en-transition.fr\/wp-content\/uploads\/2021\/05\/profil-ggarnier.jpg\" alt=\"G\u00e9rald Garnier\" class=\"wp-image-1741 size-full\" srcset=\"https:\/\/www.vienne-en-transition.fr\/wp-content\/uploads\/2021\/05\/profil-ggarnier.jpg 243w, https:\/\/www.vienne-en-transition.fr\/wp-content\/uploads\/2021\/05\/profil-ggarnier-150x150.jpg 150w, https:\/\/www.vienne-en-transition.fr\/wp-content\/uploads\/2021\/05\/profil-ggarnier-100x100.jpg 100w\" sizes=\"auto, (max-width: 243px) 100vw, 243px\" \/><\/figure><div class=\"wp-block-media-text__content\">\n<p>Agriculteur retrait\u00e9 \u2013 68 ans. Natif et habitant Amberre<br>Au CA de la Chambre d\u2019agriculture de 2012 \u00e0 2018. Mise en place d\u2019une<br>ferme permacole exp\u00e9rimentale.<br>Vice-Pr\u00e9sident de l\u2019association Tsiky \u00e0 Madagascar.<\/p>\n<\/div><\/div>\n\n\n\n<h2 class=\"wp-block-heading\">Ang\u00e9lique Royer &#8211; Rempla\u00e7ante<\/h2>\n\n\n\n<div class=\"wp-block-media-text alignwide is-stacked-on-mobile\" style=\"grid-template-columns:15% auto\"><figure class=\"wp-block-media-text__media\"><img loading=\"lazy\" decoding=\"async\" width=\"243\" height=\"244\" src=\"https:\/\/www.vienne-en-transition.fr\/wp-content\/uploads\/2021\/05\/profil-aroyer.jpg\" alt=\"Ang\u00e9lique Royer\" class=\"wp-image-1743 size-full\" srcset=\"https:\/\/www.vienne-en-transition.fr\/wp-content\/uploads\/2021\/05\/profil-aroyer.jpg 243w, https:\/\/www.vienne-en-transition.fr\/wp-content\/uploads\/2021\/05\/profil-aroyer-150x150.jpg 150w, https:\/\/www.vienne-en-transition.fr\/wp-content\/uploads\/2021\/05\/profil-aroyer-100x100.jpg 100w\" sizes=\"auto, (max-width: 243px) 100vw, 243px\" \/><\/figure><div class=\"wp-block-media-text__content\">\n<p>Assistante technique \u00e0 l\u2019enseignement de Physique \u00e0 l\u2019Universit\u00e9 de Poitiers \u2013 47 ans<br>Habitante de Mign\u00e9-Auxances depuis 1997.<br>Adjointe au Maire \u00e0 l\u2019Enfance et aux affaires scolaires de 2008 \u00e0 2020.<\/p>\n<\/div><\/div>\n\n\n\n<h2 class=\"wp-block-heading\">Laurent Moreau &#8211; Rempla\u00e7ant<\/h2>\n\n\n\n<div class=\"wp-block-media-text alignwide is-stacked-on-mobile\" style=\"grid-template-columns:15% auto\"><figure class=\"wp-block-media-text__media\"><img loading=\"lazy\" decoding=\"async\" width=\"243\" height=\"243\" src=\"https:\/\/www.vienne-en-transition.fr\/wp-content\/uploads\/2021\/05\/profil-lmoreau.jpg\" alt=\"Laurent Moreau\" class=\"wp-image-1745 size-full\" srcset=\"https:\/\/www.vienne-en-transition.fr\/wp-content\/uploads\/2021\/05\/profil-lmoreau.jpg 243w, https:\/\/www.vienne-en-transition.fr\/wp-content\/uploads\/2021\/05\/profil-lmoreau-150x150.jpg 150w, https:\/\/www.vienne-en-transition.fr\/wp-content\/uploads\/2021\/05\/profil-lmoreau-100x100.jpg 100w\" sizes=\"auto, (max-width: 243px) 100vw, 243px\" \/><\/figure><div class=\"wp-block-media-text__content\">\n<p>Traiteur itin\u00e9rant &#8211; 58 ans.<br>Habitant Chouppes depuis 1980. 25 ans chez Marie Surgel\u00e9 \u00e0 Mirebeau (responsable CE).<br>Puis 15 ans restaurateur \u00e0 Mirebeau.<br>Puis Employ\u00e9 municipal \u00e0 Chouppes<\/p>\n<\/div><\/div>\n","protected":false},"excerpt":{"rendered":"<p>Christelle Charrier &#8211; Titulaire Secr\u00e9taire de direction \u2013 49 ansConseill\u00e8re municipale \u00e0 Villiers depuis 2014Membre et \u00e9lue au sein de [&hellip;]<\/p>\n","protected":false},"author":1,"featured_media":0,"parent":1486,"menu_order":0,"comment_status":"closed","ping_status":"closed","template":"","meta":{"site-sidebar-layout":"default","site-content-layout":"","ast-site-content-layout":"","site-content-style":"default","site-sidebar-style":"default","ast-global-header-display":"","ast-banner-title-visibility":"","ast-main-header-display":"","ast-hfb-above-header-display":"","ast-hfb-below-header-display":"","ast-hfb-mobile-header-display":"","site-post-title":"","ast-breadcrumbs-content":"","ast-featured-img":"","footer-sml-layout":"","theme-transparent-header-meta":"","adv-header-id-meta":"","stick-header-meta":"","header-above-stick-meta":"","header-main-stick-meta":"","header-below-stick-meta":"","astra-migrate-meta-layouts":"default","ast-page-background-enabled":"default","ast-page-background-meta":{"desktop":{"background-color":"var(--ast-global-color-5)","background-image":"","background-repeat":"repeat","background-position":"center center","background-size":"auto","background-attachment":"scroll","background-type":"","background-media":"","overlay-type":"","overlay-color":"","overlay-opacity":"","overlay-gradient":""},"tablet":{"background-color":"","background-image":"","background-repeat":"repeat","background-position":"center center","background-size":"auto","background-attachment":"scroll","background-type":"","background-media":"","overlay-type":"","overlay-color":"","overlay-opacity":"","overlay-gradient":""},"mobile":{"background-color":"","background-image":"","background-repeat":"repeat","background-position":"center center","background-size":"auto","background-attachment":"scroll","background-type":"","background-media":"","overlay-type":"","overlay-color":"","overlay-opacity":"","overlay-gradient":""}},"ast-content-background-meta":{"desktop":{"background-color":"var(--ast-global-color-4)","background-image":"","background-repeat":"repeat","background-position":"center center","background-size":"auto","background-attachment":"scroll","background-type":"","background-media":"","overlay-type":"","overlay-color":"","overlay-opacity":"","overlay-gradient":""},"tablet":{"background-color":"var(--ast-global-color-4)","background-image":"","background-repeat":"repeat","background-position":"center center","background-size":"auto","background-attachment":"scroll","background-type":"","background-media":"","overlay-type":"","overlay-color":"","overlay-opacity":"","overlay-gradient":""},"mobile":{"background-color":"var(--ast-global-color-4)","background-image":"","background-repeat":"repeat","background-position":"center center","background-size":"auto","background-attachment":"scroll","background-type":"","background-media":"","overlay-type":"","overlay-color":"","overlay-opacity":"","overlay-gradient":""}},"footnotes":""},"class_list":["post-1509","page","type-page","status-publish","hentry"],"_links":{"self":[{"href":"https:\/\/www.vienne-en-transition.fr\/index.php\/wp-json\/wp\/v2\/pages\/1509","targetHints":{"allow":["GET"]}}],"collection":[{"href":"https:\/\/www.vienne-en-transition.fr\/index.php\/wp-json\/wp\/v2\/pages"}],"about":[{"href":"https:\/\/www.vienne-en-transition.fr\/index.php\/wp-json\/wp\/v2\/types\/page"}],"author":[{"embeddable":true,"href":"https:\/\/www.vienne-en-transition.fr\/index.php\/wp-json\/wp\/v2\/users\/1"}],"replies":[{"embeddable":true,"href":"https:\/\/www.vienne-en-transition.fr\/index.php\/wp-json\/wp\/v2\/comments?post=1509"}],"version-history":[{"count":6,"href":"https:\/\/www.vienne-en-transition.fr\/index.php\/wp-json\/wp\/v2\/pages\/1509\/revisions"}],"predecessor-version":[{"id":1987,"href":"https:\/\/www.vienne-en-transition.fr\/index.php\/wp-json\/wp\/v2\/pages\/1509\/revisions\/1987"}],"up":[{"embeddable":true,"href":"https:\/\/www.vienne-en-transition.fr\/index.php\/wp-json\/wp\/v2\/pages\/1486"}],"wp:attachment":[{"href":"https:\/\/www.vienne-en-transition.fr\/index.php\/wp-json\/wp\/v2\/media?parent=1509"}],"curies":[{"name":"wp","href":"https:\/\/api.w.org\/{rel}","templated":true}]}}