{"id":1507,"date":"2021-04-24T11:20:35","date_gmt":"2021-04-24T09:20:35","guid":{"rendered":"https:\/\/www.vienne-en-transition.fr\/?page_id=1507"},"modified":"2021-06-04T09:20:58","modified_gmt":"2021-06-04T07:20:58","slug":"lussac-les-chateaux","status":"publish","type":"page","link":"https:\/\/www.vienne-en-transition.fr\/index.php\/candidats\/lussac-les-chateaux\/","title":{"rendered":"Lussac-les-ch\u00e2teaux"},"content":{"rendered":"\n<figure class=\"wp-block-image size-large\"><img loading=\"lazy\" decoding=\"async\" width=\"1000\" height=\"350\" src=\"https:\/\/www.vienne-en-transition.fr\/wp-content\/uploads\/2021\/05\/bann-lussac.jpg\" alt=\"\" class=\"wp-image-1581\" srcset=\"https:\/\/www.vienne-en-transition.fr\/wp-content\/uploads\/2021\/05\/bann-lussac.jpg 1000w, https:\/\/www.vienne-en-transition.fr\/wp-content\/uploads\/2021\/05\/bann-lussac-300x105.jpg 300w, https:\/\/www.vienne-en-transition.fr\/wp-content\/uploads\/2021\/05\/bann-lussac-768x269.jpg 768w\" sizes=\"auto, (max-width: 1000px) 100vw, 1000px\" \/><\/figure>\n\n\n\n<p><a href=\"https:\/\/www.facebook.com\/lussacentransition\/\"><img loading=\"lazy\" decoding=\"async\" width=\"40\" height=\"40\" class=\"wp-image-1875\" style=\"width: 40px;\" src=\"https:\/\/www.vienne-en-transition.fr\/wp-content\/uploads\/2021\/05\/picto-facebook.png\" alt=\"Facebook\" srcset=\"https:\/\/www.vienne-en-transition.fr\/wp-content\/uploads\/2021\/05\/picto-facebook.png 200w, https:\/\/www.vienne-en-transition.fr\/wp-content\/uploads\/2021\/05\/picto-facebook-150x150.png 150w, https:\/\/www.vienne-en-transition.fr\/wp-content\/uploads\/2021\/05\/picto-facebook-100x100.png 100w\" sizes=\"auto, (max-width: 40px) 100vw, 40px\" \/><\/a><img loading=\"lazy\" decoding=\"async\" width=\"175\" height=\"40\" class=\"wp-image-1973\" style=\"width: 175px;\" src=\"https:\/\/www.vienne-en-transition.fr\/wp-content\/uploads\/2021\/06\/texte-reseauxsociaux.png\" alt=\"Suivez la campagne sur les r\u00e9seaux sociaux\" srcset=\"https:\/\/www.vienne-en-transition.fr\/wp-content\/uploads\/2021\/06\/texte-reseauxsociaux.png 350w, https:\/\/www.vienne-en-transition.fr\/wp-content\/uploads\/2021\/06\/texte-reseauxsociaux-300x69.png 300w\" sizes=\"auto, (max-width: 175px) 100vw, 175px\" \/><\/p>\n\n\n\n<h2 class=\"wp-block-heading\">Julie Lecomte &#8211; Titulaire<\/h2>\n\n\n\n<div class=\"wp-block-media-text alignwide is-stacked-on-mobile\" style=\"grid-template-columns:15% auto\"><figure class=\"wp-block-media-text__media\"><img loading=\"lazy\" decoding=\"async\" width=\"243\" height=\"243\" src=\"https:\/\/www.vienne-en-transition.fr\/wp-content\/uploads\/2021\/05\/profil-jlecomte.jpg\" alt=\"Julie Lecomte\" class=\"wp-image-1734 size-full\" srcset=\"https:\/\/www.vienne-en-transition.fr\/wp-content\/uploads\/2021\/05\/profil-jlecomte.jpg 243w, https:\/\/www.vienne-en-transition.fr\/wp-content\/uploads\/2021\/05\/profil-jlecomte-150x150.jpg 150w, https:\/\/www.vienne-en-transition.fr\/wp-content\/uploads\/2021\/05\/profil-jlecomte-100x100.jpg 100w\" sizes=\"auto, (max-width: 243px) 100vw, 243px\" \/><\/figure><div class=\"wp-block-media-text__content\">\n<p>33 ans. Ing\u00e9nieure de l\u2018agriculture et de l\u2019environnement<br>Cadre de la fonction publique hospitali\u00e8re<br>Auteure de romances (J.Dauge)<\/p>\n<\/div><\/div>\n\n\n\n<h2 class=\"wp-block-heading\">S\u00e9bastien Roumet &#8211; Titulaire<\/h2>\n\n\n\n<div class=\"wp-block-media-text alignwide is-stacked-on-mobile\" style=\"grid-template-columns:15% auto\"><figure class=\"wp-block-media-text__media\"><img loading=\"lazy\" decoding=\"async\" width=\"243\" height=\"243\" src=\"https:\/\/www.vienne-en-transition.fr\/wp-content\/uploads\/2021\/05\/profil-sroumet.jpg\" alt=\"S\u00e9bastien Roumet\" class=\"wp-image-1735 size-full\" srcset=\"https:\/\/www.vienne-en-transition.fr\/wp-content\/uploads\/2021\/05\/profil-sroumet.jpg 243w, https:\/\/www.vienne-en-transition.fr\/wp-content\/uploads\/2021\/05\/profil-sroumet-150x150.jpg 150w, https:\/\/www.vienne-en-transition.fr\/wp-content\/uploads\/2021\/05\/profil-sroumet-100x100.jpg 100w\" sizes=\"auto, (max-width: 243px) 100vw, 243px\" \/><\/figure><div class=\"wp-block-media-text__content\">\n<p>33 ans. \u00c9lectricien, salari\u00e9 \u00e0 la centrale nucl\u00e9aire de Civaux<br>Militant syndical et associatif.<\/p>\n<\/div><\/div>\n\n\n\n<h2 class=\"wp-block-heading\">Elsa Bernardeau &#8211; Rempla\u00e7ante<\/h2>\n\n\n\n<div class=\"wp-block-media-text alignwide is-stacked-on-mobile\" style=\"grid-template-columns:15% auto\"><figure class=\"wp-block-media-text__media\"><img loading=\"lazy\" decoding=\"async\" width=\"242\" height=\"243\" src=\"https:\/\/www.vienne-en-transition.fr\/wp-content\/uploads\/2021\/05\/profil-ebernardeau.jpg\" alt=\"Elsa Bernardeau\" class=\"wp-image-1736 size-full\" srcset=\"https:\/\/www.vienne-en-transition.fr\/wp-content\/uploads\/2021\/05\/profil-ebernardeau.jpg 242w, https:\/\/www.vienne-en-transition.fr\/wp-content\/uploads\/2021\/05\/profil-ebernardeau-150x150.jpg 150w, https:\/\/www.vienne-en-transition.fr\/wp-content\/uploads\/2021\/05\/profil-ebernardeau-100x100.jpg 100w\" sizes=\"auto, (max-width: 242px) 100vw, 242px\" \/><\/figure><div class=\"wp-block-media-text__content\">\n<p>49 ans. Th\u00e9rapeute praticienne BOWEN. Sur la commune de Gen\u00e7ay.<\/p>\n<\/div><\/div>\n\n\n\n<h2 class=\"wp-block-heading\">Christophe Adier &#8211; Rempla\u00e7ant<\/h2>\n\n\n\n<div class=\"wp-block-media-text alignwide is-stacked-on-mobile\" style=\"grid-template-columns:15% auto\"><figure class=\"wp-block-media-text__media\"><img loading=\"lazy\" decoding=\"async\" width=\"243\" height=\"243\" src=\"https:\/\/www.vienne-en-transition.fr\/wp-content\/uploads\/2021\/05\/profil-cadier.jpg\" alt=\"Christophe Adier\" class=\"wp-image-1737 size-full\" srcset=\"https:\/\/www.vienne-en-transition.fr\/wp-content\/uploads\/2021\/05\/profil-cadier.jpg 243w, https:\/\/www.vienne-en-transition.fr\/wp-content\/uploads\/2021\/05\/profil-cadier-150x150.jpg 150w, https:\/\/www.vienne-en-transition.fr\/wp-content\/uploads\/2021\/05\/profil-cadier-100x100.jpg 100w\" sizes=\"auto, (max-width: 243px) 100vw, 243px\" \/><\/figure><div class=\"wp-block-media-text__content\">\n<p>49 ans, ing\u00e9nieur hospitalier r\u00e9sidant \u00e0 Magn\u00e9.<\/p>\n<\/div><\/div>\n","protected":false},"excerpt":{"rendered":"<p>Julie Lecomte &#8211; Titulaire 33 ans. Ing\u00e9nieure de l\u2018agriculture et de l\u2019environnementCadre de la fonction publique hospitali\u00e8reAuteure de romances (J.Dauge) [&hellip;]<\/p>\n","protected":false},"author":1,"featured_media":0,"parent":1486,"menu_order":0,"comment_status":"closed","ping_status":"closed","template":"","meta":{"site-sidebar-layout":"default","site-content-layout":"","ast-site-content-layout":"","site-content-style":"default","site-sidebar-style":"default","ast-global-header-display":"","ast-banner-title-visibility":"","ast-main-header-display":"","ast-hfb-above-header-display":"","ast-hfb-below-header-display":"","ast-hfb-mobile-header-display":"","site-post-title":"","ast-breadcrumbs-content":"","ast-featured-img":"","footer-sml-layout":"","theme-transparent-header-meta":"","adv-header-id-meta":"","stick-header-meta":"","header-above-stick-meta":"","header-main-stick-meta":"","header-below-stick-meta":"","astra-migrate-meta-layouts":"default","ast-page-background-enabled":"default","ast-page-background-meta":{"desktop":{"background-color":"var(--ast-global-color-5)","background-image":"","background-repeat":"repeat","background-position":"center center","background-size":"auto","background-attachment":"scroll","background-type":"","background-media":"","overlay-type":"","overlay-color":"","overlay-opacity":"","overlay-gradient":""},"tablet":{"background-color":"","background-image":"","background-repeat":"repeat","background-position":"center center","background-size":"auto","background-attachment":"scroll","background-type":"","background-media":"","overlay-type":"","overlay-color":"","overlay-opacity":"","overlay-gradient":""},"mobile":{"background-color":"","background-image":"","background-repeat":"repeat","background-position":"center center","background-size":"auto","background-attachment":"scroll","background-type":"","background-media":"","overlay-type":"","overlay-color":"","overlay-opacity":"","overlay-gradient":""}},"ast-content-background-meta":{"desktop":{"background-color":"var(--ast-global-color-4)","background-image":"","background-repeat":"repeat","background-position":"center center","background-size":"auto","background-attachment":"scroll","background-type":"","background-media":"","overlay-type":"","overlay-color":"","overlay-opacity":"","overlay-gradient":""},"tablet":{"background-color":"var(--ast-global-color-4)","background-image":"","background-repeat":"repeat","background-position":"center center","background-size":"auto","background-attachment":"scroll","background-type":"","background-media":"","overlay-type":"","overlay-color":"","overlay-opacity":"","overlay-gradient":""},"mobile":{"background-color":"var(--ast-global-color-4)","background-image":"","background-repeat":"repeat","background-position":"center center","background-size":"auto","background-attachment":"scroll","background-type":"","background-media":"","overlay-type":"","overlay-color":"","overlay-opacity":"","overlay-gradient":""}},"footnotes":""},"class_list":["post-1507","page","type-page","status-publish","hentry"],"_links":{"self":[{"href":"https:\/\/www.vienne-en-transition.fr\/index.php\/wp-json\/wp\/v2\/pages\/1507","targetHints":{"allow":["GET"]}}],"collection":[{"href":"https:\/\/www.vienne-en-transition.fr\/index.php\/wp-json\/wp\/v2\/pages"}],"about":[{"href":"https:\/\/www.vienne-en-transition.fr\/index.php\/wp-json\/wp\/v2\/types\/page"}],"author":[{"embeddable":true,"href":"https:\/\/www.vienne-en-transition.fr\/index.php\/wp-json\/wp\/v2\/users\/1"}],"replies":[{"embeddable":true,"href":"https:\/\/www.vienne-en-transition.fr\/index.php\/wp-json\/wp\/v2\/comments?post=1507"}],"version-history":[{"count":7,"href":"https:\/\/www.vienne-en-transition.fr\/index.php\/wp-json\/wp\/v2\/pages\/1507\/revisions"}],"predecessor-version":[{"id":1986,"href":"https:\/\/www.vienne-en-transition.fr\/index.php\/wp-json\/wp\/v2\/pages\/1507\/revisions\/1986"}],"up":[{"embeddable":true,"href":"https:\/\/www.vienne-en-transition.fr\/index.php\/wp-json\/wp\/v2\/pages\/1486"}],"wp:attachment":[{"href":"https:\/\/www.vienne-en-transition.fr\/index.php\/wp-json\/wp\/v2\/media?parent=1507"}],"curies":[{"name":"wp","href":"https:\/\/api.w.org\/{rel}","templated":true}]}}