{"id":1497,"date":"2021-04-24T11:18:33","date_gmt":"2021-04-24T09:18:33","guid":{"rendered":"https:\/\/www.vienne-en-transition.fr\/?page_id=1497"},"modified":"2021-06-04T09:20:00","modified_gmt":"2021-06-04T07:20:00","slug":"chauvigny","status":"publish","type":"page","link":"https:\/\/www.vienne-en-transition.fr\/index.php\/candidats\/chauvigny\/","title":{"rendered":"Chauvigny"},"content":{"rendered":"\n<figure class=\"wp-block-image size-large\"><img loading=\"lazy\" decoding=\"async\" width=\"1000\" height=\"350\" src=\"https:\/\/www.vienne-en-transition.fr\/wp-content\/uploads\/2021\/05\/bann-chauvigny.jpg\" alt=\"\" class=\"wp-image-1576\" srcset=\"https:\/\/www.vienne-en-transition.fr\/wp-content\/uploads\/2021\/05\/bann-chauvigny.jpg 1000w, https:\/\/www.vienne-en-transition.fr\/wp-content\/uploads\/2021\/05\/bann-chauvigny-300x105.jpg 300w, https:\/\/www.vienne-en-transition.fr\/wp-content\/uploads\/2021\/05\/bann-chauvigny-768x269.jpg 768w\" sizes=\"auto, (max-width: 1000px) 100vw, 1000px\" \/><\/figure>\n\n\n\n<p><a href=\"https:\/\/www.facebook.com\/cantonchauvignyentransition\/\"><img loading=\"lazy\" decoding=\"async\" width=\"40\" height=\"40\" class=\"wp-image-1875\" style=\"width: 40px;\" src=\"https:\/\/www.vienne-en-transition.fr\/wp-content\/uploads\/2021\/05\/picto-facebook.png\" alt=\"Facebook\" srcset=\"https:\/\/www.vienne-en-transition.fr\/wp-content\/uploads\/2021\/05\/picto-facebook.png 200w, https:\/\/www.vienne-en-transition.fr\/wp-content\/uploads\/2021\/05\/picto-facebook-150x150.png 150w, https:\/\/www.vienne-en-transition.fr\/wp-content\/uploads\/2021\/05\/picto-facebook-100x100.png 100w\" sizes=\"auto, (max-width: 40px) 100vw, 40px\" \/><\/a><img loading=\"lazy\" decoding=\"async\" width=\"175\" height=\"40\" class=\"wp-image-1973\" style=\"width: 175px;\" src=\"https:\/\/www.vienne-en-transition.fr\/wp-content\/uploads\/2021\/06\/texte-reseauxsociaux.png\" alt=\"Suivez la campagne sur les r\u00e9seaux sociaux\" srcset=\"https:\/\/www.vienne-en-transition.fr\/wp-content\/uploads\/2021\/06\/texte-reseauxsociaux.png 350w, https:\/\/www.vienne-en-transition.fr\/wp-content\/uploads\/2021\/06\/texte-reseauxsociaux-300x69.png 300w\" sizes=\"auto, (max-width: 175px) 100vw, 175px\" \/><\/p>\n\n\n\n<h2 class=\"wp-block-heading\">Th\u00e9r\u00e8se Guilloteau &#8211; Titulaire<\/h2>\n\n\n\n<div class=\"wp-block-media-text alignwide is-stacked-on-mobile\" style=\"grid-template-columns:15% auto\"><figure class=\"wp-block-media-text__media\"><img loading=\"lazy\" decoding=\"async\" width=\"243\" height=\"243\" src=\"https:\/\/www.vienne-en-transition.fr\/wp-content\/uploads\/2021\/05\/profil-tguilleteau.jpg\" alt=\"Th\u00e9r\u00e8se Guilloteau\" class=\"wp-image-1700 size-full\" srcset=\"https:\/\/www.vienne-en-transition.fr\/wp-content\/uploads\/2021\/05\/profil-tguilleteau.jpg 243w, https:\/\/www.vienne-en-transition.fr\/wp-content\/uploads\/2021\/05\/profil-tguilleteau-150x150.jpg 150w, https:\/\/www.vienne-en-transition.fr\/wp-content\/uploads\/2021\/05\/profil-tguilleteau-100x100.jpg 100w\" sizes=\"auto, (max-width: 243px) 100vw, 243px\" \/><\/figure><div class=\"wp-block-media-text__content\">\n<p>69 ans, retrait\u00e9e, habitant Availles-en-Ch\u00e2tellerault.<br>L\u2019\u00e9ducation populaire est au c\u0153ur de mon engagement pour d\u00e9fendre la d\u00e9mocratie, la solidarit\u00e9 et la protection de l\u2019environnement.<\/p>\n<\/div><\/div>\n\n\n\n<h2 class=\"wp-block-heading\">Thibaut Legube &#8211; Titulaire<\/h2>\n\n\n\n<div class=\"wp-block-media-text alignwide is-stacked-on-mobile\" style=\"grid-template-columns:15% auto\"><figure class=\"wp-block-media-text__media\"><img loading=\"lazy\" decoding=\"async\" width=\"243\" height=\"243\" src=\"https:\/\/www.vienne-en-transition.fr\/wp-content\/uploads\/2021\/05\/profil-tlegube.jpg\" alt=\"\" class=\"wp-image-1701 size-full\" srcset=\"https:\/\/www.vienne-en-transition.fr\/wp-content\/uploads\/2021\/05\/profil-tlegube.jpg 243w, https:\/\/www.vienne-en-transition.fr\/wp-content\/uploads\/2021\/05\/profil-tlegube-150x150.jpg 150w, https:\/\/www.vienne-en-transition.fr\/wp-content\/uploads\/2021\/05\/profil-tlegube-100x100.jpg 100w\" sizes=\"auto, (max-width: 243px) 100vw, 243px\" \/><\/figure><div class=\"wp-block-media-text__content\">\n<p>44 ans, clerc de notaire, originaire de Chauvigny, je m\u2019engage avec ce collectif pour contribuer au niveau d\u00e9partemental \u00e0 la transition \u00e9cologique et solidaire ainsi qu\u2019au d\u00e9veloppement de la d\u00e9mocratie participative.<\/p>\n<\/div><\/div>\n\n\n\n<h2 class=\"wp-block-heading\">Sylvie Blossier &#8211; Rempla\u00e7ante<\/h2>\n\n\n\n<div class=\"wp-block-media-text alignwide is-stacked-on-mobile\" style=\"grid-template-columns:15% auto\"><figure class=\"wp-block-media-text__media\"><img loading=\"lazy\" decoding=\"async\" width=\"243\" height=\"243\" src=\"https:\/\/www.vienne-en-transition.fr\/wp-content\/uploads\/2021\/05\/profil-sblossier.jpg\" alt=\"Sylvie Blossier\" class=\"wp-image-1703 size-full\" srcset=\"https:\/\/www.vienne-en-transition.fr\/wp-content\/uploads\/2021\/05\/profil-sblossier.jpg 243w, https:\/\/www.vienne-en-transition.fr\/wp-content\/uploads\/2021\/05\/profil-sblossier-150x150.jpg 150w, https:\/\/www.vienne-en-transition.fr\/wp-content\/uploads\/2021\/05\/profil-sblossier-100x100.jpg 100w\" sizes=\"auto, (max-width: 243px) 100vw, 243px\" \/><\/figure><div class=\"wp-block-media-text__content\">\n<p>Enseignante retrait\u00e9e, 60 ans.<br>Je suis originaire de la Vienne et vis \u00e0 Vouneuil-sur-Vienne depuis 1989.<br>Je souhaite que les valeurs humanistes port\u00e9es par ce collectif r\u00e9solument \u00e0 gauche parviennent aux responsabilit\u00e9s d\u00e9partementales.<\/p>\n<\/div><\/div>\n\n\n\n<h2 class=\"wp-block-heading\">Gilles Caire &#8211; Rempla\u00e7ant<\/h2>\n\n\n\n<div class=\"wp-block-media-text alignwide is-stacked-on-mobile\" style=\"grid-template-columns:15% auto\"><figure class=\"wp-block-media-text__media\"><img loading=\"lazy\" decoding=\"async\" width=\"243\" height=\"243\" src=\"https:\/\/www.vienne-en-transition.fr\/wp-content\/uploads\/2021\/05\/profil-gcaire.jpg\" alt=\"Gilles Caire\" class=\"wp-image-1704 size-full\" srcset=\"https:\/\/www.vienne-en-transition.fr\/wp-content\/uploads\/2021\/05\/profil-gcaire.jpg 243w, https:\/\/www.vienne-en-transition.fr\/wp-content\/uploads\/2021\/05\/profil-gcaire-150x150.jpg 150w, https:\/\/www.vienne-en-transition.fr\/wp-content\/uploads\/2021\/05\/profil-gcaire-100x100.jpg 100w\" sizes=\"auto, (max-width: 243px) 100vw, 243px\" \/><\/figure><div class=\"wp-block-media-text__content\">\n<p>J\u2019ai 57 ans, j\u2019habite depuis 25 ans \u00e0 Chauvigny. Je suis enseignant \u00e0 l\u2019universit\u00e9 de Poitiers et impliqu\u00e9 dans le monde associatif et coop\u00e9ratif.<br>Membre d\u2019aucun parti, mes convictions sont n\u00e9anmoins fermement de gauche et \u00e9cologiques.<\/p>\n<\/div><\/div>\n","protected":false},"excerpt":{"rendered":"<p>Th\u00e9r\u00e8se Guilloteau &#8211; Titulaire 69 ans, retrait\u00e9e, habitant Availles-en-Ch\u00e2tellerault.L\u2019\u00e9ducation populaire est au c\u0153ur de mon engagement pour d\u00e9fendre la d\u00e9mocratie, [&hellip;]<\/p>\n","protected":false},"author":1,"featured_media":0,"parent":1486,"menu_order":0,"comment_status":"closed","ping_status":"closed","template":"","meta":{"site-sidebar-layout":"default","site-content-layout":"","ast-site-content-layout":"","site-content-style":"default","site-sidebar-style":"default","ast-global-header-display":"","ast-banner-title-visibility":"","ast-main-header-display":"","ast-hfb-above-header-display":"","ast-hfb-below-header-display":"","ast-hfb-mobile-header-display":"","site-post-title":"","ast-breadcrumbs-content":"","ast-featured-img":"","footer-sml-layout":"","theme-transparent-header-meta":"","adv-header-id-meta":"","stick-header-meta":"","header-above-stick-meta":"","header-main-stick-meta":"","header-below-stick-meta":"","astra-migrate-meta-layouts":"default","ast-page-background-enabled":"default","ast-page-background-meta":{"desktop":{"background-color":"var(--ast-global-color-5)","background-image":"","background-repeat":"repeat","background-position":"center center","background-size":"auto","background-attachment":"scroll","background-type":"","background-media":"","overlay-type":"","overlay-color":"","overlay-opacity":"","overlay-gradient":""},"tablet":{"background-color":"","background-image":"","background-repeat":"repeat","background-position":"center center","background-size":"auto","background-attachment":"scroll","background-type":"","background-media":"","overlay-type":"","overlay-color":"","overlay-opacity":"","overlay-gradient":""},"mobile":{"background-color":"","background-image":"","background-repeat":"repeat","background-position":"center center","background-size":"auto","background-attachment":"scroll","background-type":"","background-media":"","overlay-type":"","overlay-color":"","overlay-opacity":"","overlay-gradient":""}},"ast-content-background-meta":{"desktop":{"background-color":"var(--ast-global-color-4)","background-image":"","background-repeat":"repeat","background-position":"center center","background-size":"auto","background-attachment":"scroll","background-type":"","background-media":"","overlay-type":"","overlay-color":"","overlay-opacity":"","overlay-gradient":""},"tablet":{"background-color":"var(--ast-global-color-4)","background-image":"","background-repeat":"repeat","background-position":"center center","background-size":"auto","background-attachment":"scroll","background-type":"","background-media":"","overlay-type":"","overlay-color":"","overlay-opacity":"","overlay-gradient":""},"mobile":{"background-color":"var(--ast-global-color-4)","background-image":"","background-repeat":"repeat","background-position":"center center","background-size":"auto","background-attachment":"scroll","background-type":"","background-media":"","overlay-type":"","overlay-color":"","overlay-opacity":"","overlay-gradient":""}},"footnotes":""},"class_list":["post-1497","page","type-page","status-publish","hentry"],"_links":{"self":[{"href":"https:\/\/www.vienne-en-transition.fr\/index.php\/wp-json\/wp\/v2\/pages\/1497","targetHints":{"allow":["GET"]}}],"collection":[{"href":"https:\/\/www.vienne-en-transition.fr\/index.php\/wp-json\/wp\/v2\/pages"}],"about":[{"href":"https:\/\/www.vienne-en-transition.fr\/index.php\/wp-json\/wp\/v2\/types\/page"}],"author":[{"embeddable":true,"href":"https:\/\/www.vienne-en-transition.fr\/index.php\/wp-json\/wp\/v2\/users\/1"}],"replies":[{"embeddable":true,"href":"https:\/\/www.vienne-en-transition.fr\/index.php\/wp-json\/wp\/v2\/comments?post=1497"}],"version-history":[{"count":7,"href":"https:\/\/www.vienne-en-transition.fr\/index.php\/wp-json\/wp\/v2\/pages\/1497\/revisions"}],"predecessor-version":[{"id":1981,"href":"https:\/\/www.vienne-en-transition.fr\/index.php\/wp-json\/wp\/v2\/pages\/1497\/revisions\/1981"}],"up":[{"embeddable":true,"href":"https:\/\/www.vienne-en-transition.fr\/index.php\/wp-json\/wp\/v2\/pages\/1486"}],"wp:attachment":[{"href":"https:\/\/www.vienne-en-transition.fr\/index.php\/wp-json\/wp\/v2\/media?parent=1497"}],"curies":[{"name":"wp","href":"https:\/\/api.w.org\/{rel}","templated":true}]}}