{"id":1495,"date":"2021-04-24T11:18:18","date_gmt":"2021-04-24T09:18:18","guid":{"rendered":"https:\/\/www.vienne-en-transition.fr\/?page_id=1495"},"modified":"2021-06-04T09:18:58","modified_gmt":"2021-06-04T07:18:58","slug":"chatellerault-3","status":"publish","type":"page","link":"https:\/\/www.vienne-en-transition.fr\/index.php\/candidats\/chatellerault-3\/","title":{"rendered":"Ch\u00e2tellerault 3"},"content":{"rendered":"\n<figure class=\"wp-block-image size-full\"><img loading=\"lazy\" decoding=\"async\" width=\"1000\" height=\"350\" src=\"https:\/\/www.vienne-en-transition.fr\/wp-content\/uploads\/2021\/05\/bann-chatellerault3.jpg\" alt=\"\" class=\"wp-image-1575\" srcset=\"https:\/\/www.vienne-en-transition.fr\/wp-content\/uploads\/2021\/05\/bann-chatellerault3.jpg 1000w, https:\/\/www.vienne-en-transition.fr\/wp-content\/uploads\/2021\/05\/bann-chatellerault3-300x105.jpg 300w, https:\/\/www.vienne-en-transition.fr\/wp-content\/uploads\/2021\/05\/bann-chatellerault3-768x269.jpg 768w\" sizes=\"auto, (max-width: 1000px) 100vw, 1000px\" \/><\/figure>\n\n\n\n<p><a href=\"https:\/\/www.facebook.com\/Chatellerault.canton4.LVT\"><img loading=\"lazy\" decoding=\"async\" width=\"40\" height=\"40\" class=\"wp-image-1875\" style=\"width: 40px;\" src=\"https:\/\/www.vienne-en-transition.fr\/wp-content\/uploads\/2021\/05\/picto-facebook.png\" alt=\"Facebook\" srcset=\"https:\/\/www.vienne-en-transition.fr\/wp-content\/uploads\/2021\/05\/picto-facebook.png 200w, https:\/\/www.vienne-en-transition.fr\/wp-content\/uploads\/2021\/05\/picto-facebook-150x150.png 150w, https:\/\/www.vienne-en-transition.fr\/wp-content\/uploads\/2021\/05\/picto-facebook-100x100.png 100w\" sizes=\"auto, (max-width: 40px) 100vw, 40px\" \/><\/a><img loading=\"lazy\" decoding=\"async\" width=\"20\" height=\"40\" class=\"wp-image-1868\" style=\"width: 20px;\" src=\"https:\/\/www.vienne-en-transition.fr\/wp-content\/uploads\/2021\/05\/picto-espace.png\" alt=\"\"><a href=\"https:\/\/www.instagram.com\/LVTchatellerault3\/?fbclid=IwAR210_tbejKyZi7TnpZ7qXGCbrHartg96LBsO0ugphieH1K4JvoAS3EmX7M\"><img loading=\"lazy\" decoding=\"async\" width=\"40\" height=\"40\" class=\"wp-image-1876\" style=\"width: 40px;\" src=\"https:\/\/www.vienne-en-transition.fr\/wp-content\/uploads\/2021\/05\/picto-instagram.png\" alt=\"\" srcset=\"https:\/\/www.vienne-en-transition.fr\/wp-content\/uploads\/2021\/05\/picto-instagram.png 200w, https:\/\/www.vienne-en-transition.fr\/wp-content\/uploads\/2021\/05\/picto-instagram-150x150.png 150w, https:\/\/www.vienne-en-transition.fr\/wp-content\/uploads\/2021\/05\/picto-instagram-100x100.png 100w\" sizes=\"auto, (max-width: 40px) 100vw, 40px\" \/><\/a><img loading=\"lazy\" decoding=\"async\" width=\"175\" height=\"40\" class=\"wp-image-1973\" style=\"width: 175px;\" src=\"https:\/\/www.vienne-en-transition.fr\/wp-content\/uploads\/2021\/06\/texte-reseauxsociaux.png\" alt=\"Suivez la campagne sur les r\u00e9seaux sociaux\" srcset=\"https:\/\/www.vienne-en-transition.fr\/wp-content\/uploads\/2021\/06\/texte-reseauxsociaux.png 350w, https:\/\/www.vienne-en-transition.fr\/wp-content\/uploads\/2021\/06\/texte-reseauxsociaux-300x69.png 300w\" sizes=\"auto, (max-width: 175px) 100vw, 175px\" \/><\/p>\n\n\n\n<h2 class=\"wp-block-heading\">Francette Gratteau &#8211; Titulaire<\/h2>\n\n\n\n<div class=\"wp-block-media-text alignwide is-stacked-on-mobile\" style=\"grid-template-columns:15% auto\"><figure class=\"wp-block-media-text__media\"><img loading=\"lazy\" decoding=\"async\" width=\"243\" height=\"243\" src=\"https:\/\/www.vienne-en-transition.fr\/wp-content\/uploads\/2021\/05\/profil-fgratteau.jpg\" alt=\"Francette Gratteau\" class=\"wp-image-1693 size-full\" srcset=\"https:\/\/www.vienne-en-transition.fr\/wp-content\/uploads\/2021\/05\/profil-fgratteau.jpg 243w, https:\/\/www.vienne-en-transition.fr\/wp-content\/uploads\/2021\/05\/profil-fgratteau-150x150.jpg 150w, https:\/\/www.vienne-en-transition.fr\/wp-content\/uploads\/2021\/05\/profil-fgratteau-100x100.jpg 100w\" sizes=\"auto, (max-width: 243px) 100vw, 243px\" \/><\/figure><div class=\"wp-block-media-text__content\">\n<p>71 ans, r\u00e9sident \u00e0 Targ\u00e9. Retrait\u00e9e de l\u2019agriculture et de l\u2019artisanat.<br>\u00c9cologiste et militante associatives.<br>Que laisserons nous \u00e0 nos petits enfants ?<\/p>\n<\/div><\/div>\n\n\n\n<h2 class=\"wp-block-heading\">Aur\u00e9lien Long\u00e9-L\u00e9tang &#8211; Titulaire<\/h2>\n\n\n\n<div class=\"wp-block-media-text alignwide is-stacked-on-mobile\" style=\"grid-template-columns:15% auto\"><figure class=\"wp-block-media-text__media\"><img loading=\"lazy\" decoding=\"async\" width=\"243\" height=\"243\" src=\"https:\/\/www.vienne-en-transition.fr\/wp-content\/uploads\/2021\/05\/profil-alongeletang.jpg\" alt=\"Aur\u00e9lien Long\u00e9-L\u00e9tang\" class=\"wp-image-1694 size-full\" srcset=\"https:\/\/www.vienne-en-transition.fr\/wp-content\/uploads\/2021\/05\/profil-alongeletang.jpg 243w, https:\/\/www.vienne-en-transition.fr\/wp-content\/uploads\/2021\/05\/profil-alongeletang-150x150.jpg 150w, https:\/\/www.vienne-en-transition.fr\/wp-content\/uploads\/2021\/05\/profil-alongeletang-100x100.jpg 100w\" sizes=\"auto, (max-width: 243px) 100vw, 243px\" \/><\/figure><div class=\"wp-block-media-text__content\">\n<p>35 ans et r\u00e9sidant \u00e0 Ch\u00e2tellerault.<br>Je suis enseignant-formateur en h\u00f4tellerie-restauration, mari\u00e9 et 2 enfants. Militant au PCF et syndical. B\u00e9n\u00e9voles dans des associations.<\/p>\n<\/div><\/div>\n\n\n\n<h2 class=\"wp-block-heading\">Isabelle Ponchaux &#8211; Rempla\u00e7ant<\/h2>\n\n\n\n<div class=\"wp-block-media-text alignwide is-stacked-on-mobile\" style=\"grid-template-columns:15% auto\"><figure class=\"wp-block-media-text__media\"><img loading=\"lazy\" decoding=\"async\" width=\"244\" height=\"243\" src=\"https:\/\/www.vienne-en-transition.fr\/wp-content\/uploads\/2021\/05\/profil-iponchaux.jpg\" alt=\"\" class=\"wp-image-1696 size-full\" srcset=\"https:\/\/www.vienne-en-transition.fr\/wp-content\/uploads\/2021\/05\/profil-iponchaux.jpg 244w, https:\/\/www.vienne-en-transition.fr\/wp-content\/uploads\/2021\/05\/profil-iponchaux-150x150.jpg 150w, https:\/\/www.vienne-en-transition.fr\/wp-content\/uploads\/2021\/05\/profil-iponchaux-100x100.jpg 100w\" sizes=\"auto, (max-width: 244px) 100vw, 244px\" \/><\/figure><div class=\"wp-block-media-text__content\">\n<p>60 ans, Pacs\u00e9e, 1 enfant.<br>Informaticienne et conseill\u00e8re municipale \u00e0 Leign\u00e9-les-Bois.<br>Je suis persuad\u00e9e qu\u2019un nouveau mod\u00e8le \u00e9conomique et social est possible en int\u00e9grant l\u2019humain et le bien-\u00eatre animal.<\/p>\n<\/div><\/div>\n\n\n\n<h2 class=\"wp-block-heading\">Dominique Brunet &#8211; Rempla\u00e7ante<\/h2>\n\n\n\n<div class=\"wp-block-media-text alignwide is-stacked-on-mobile\" style=\"grid-template-columns:15% auto\"><figure class=\"wp-block-media-text__media\"><img loading=\"lazy\" decoding=\"async\" width=\"243\" height=\"242\" src=\"https:\/\/www.vienne-en-transition.fr\/wp-content\/uploads\/2021\/05\/profil-dbrunet.jpg\" alt=\"Dominique Brunet\" class=\"wp-image-1698 size-full\" srcset=\"https:\/\/www.vienne-en-transition.fr\/wp-content\/uploads\/2021\/05\/profil-dbrunet.jpg 243w, https:\/\/www.vienne-en-transition.fr\/wp-content\/uploads\/2021\/05\/profil-dbrunet-150x150.jpg 150w, https:\/\/www.vienne-en-transition.fr\/wp-content\/uploads\/2021\/05\/profil-dbrunet-100x100.jpg 100w\" sizes=\"auto, (max-width: 243px) 100vw, 243px\" \/><\/figure><div class=\"wp-block-media-text__content\">\n<p>67 ans, paysan en agriculture biologique depuis 35 ans sur la commune de Pleumartin.<br>Accompagnateur de projets en agro\u00e9cologie dans diff\u00e9rents pays, militant associatif et syndical.<\/p>\n<\/div><\/div>\n\n\n\n<p><\/p>\n","protected":false},"excerpt":{"rendered":"<p>Francette Gratteau &#8211; Titulaire 71 ans, r\u00e9sident \u00e0 Targ\u00e9. Retrait\u00e9e de l\u2019agriculture et de l\u2019artisanat.\u00c9cologiste et militante associatives.Que laisserons nous [&hellip;]<\/p>\n","protected":false},"author":1,"featured_media":0,"parent":1486,"menu_order":0,"comment_status":"closed","ping_status":"closed","template":"","meta":{"site-sidebar-layout":"default","site-content-layout":"","ast-site-content-layout":"","site-content-style":"default","site-sidebar-style":"default","ast-global-header-display":"","ast-banner-title-visibility":"","ast-main-header-display":"","ast-hfb-above-header-display":"","ast-hfb-below-header-display":"","ast-hfb-mobile-header-display":"","site-post-title":"","ast-breadcrumbs-content":"","ast-featured-img":"","footer-sml-layout":"","theme-transparent-header-meta":"","adv-header-id-meta":"","stick-header-meta":"","header-above-stick-meta":"","header-main-stick-meta":"","header-below-stick-meta":"","astra-migrate-meta-layouts":"default","ast-page-background-enabled":"default","ast-page-background-meta":{"desktop":{"background-color":"var(--ast-global-color-5)","background-image":"","background-repeat":"repeat","background-position":"center center","background-size":"auto","background-attachment":"scroll","background-type":"","background-media":"","overlay-type":"","overlay-color":"","overlay-opacity":"","overlay-gradient":""},"tablet":{"background-color":"","background-image":"","background-repeat":"repeat","background-position":"center center","background-size":"auto","background-attachment":"scroll","background-type":"","background-media":"","overlay-type":"","overlay-color":"","overlay-opacity":"","overlay-gradient":""},"mobile":{"background-color":"","background-image":"","background-repeat":"repeat","background-position":"center center","background-size":"auto","background-attachment":"scroll","background-type":"","background-media":"","overlay-type":"","overlay-color":"","overlay-opacity":"","overlay-gradient":""}},"ast-content-background-meta":{"desktop":{"background-color":"var(--ast-global-color-4)","background-image":"","background-repeat":"repeat","background-position":"center center","background-size":"auto","background-attachment":"scroll","background-type":"","background-media":"","overlay-type":"","overlay-color":"","overlay-opacity":"","overlay-gradient":""},"tablet":{"background-color":"var(--ast-global-color-4)","background-image":"","background-repeat":"repeat","background-position":"center center","background-size":"auto","background-attachment":"scroll","background-type":"","background-media":"","overlay-type":"","overlay-color":"","overlay-opacity":"","overlay-gradient":""},"mobile":{"background-color":"var(--ast-global-color-4)","background-image":"","background-repeat":"repeat","background-position":"center center","background-size":"auto","background-attachment":"scroll","background-type":"","background-media":"","overlay-type":"","overlay-color":"","overlay-opacity":"","overlay-gradient":""}},"footnotes":""},"class_list":["post-1495","page","type-page","status-publish","hentry"],"_links":{"self":[{"href":"https:\/\/www.vienne-en-transition.fr\/index.php\/wp-json\/wp\/v2\/pages\/1495","targetHints":{"allow":["GET"]}}],"collection":[{"href":"https:\/\/www.vienne-en-transition.fr\/index.php\/wp-json\/wp\/v2\/pages"}],"about":[{"href":"https:\/\/www.vienne-en-transition.fr\/index.php\/wp-json\/wp\/v2\/types\/page"}],"author":[{"embeddable":true,"href":"https:\/\/www.vienne-en-transition.fr\/index.php\/wp-json\/wp\/v2\/users\/1"}],"replies":[{"embeddable":true,"href":"https:\/\/www.vienne-en-transition.fr\/index.php\/wp-json\/wp\/v2\/comments?post=1495"}],"version-history":[{"count":12,"href":"https:\/\/www.vienne-en-transition.fr\/index.php\/wp-json\/wp\/v2\/pages\/1495\/revisions"}],"predecessor-version":[{"id":1980,"href":"https:\/\/www.vienne-en-transition.fr\/index.php\/wp-json\/wp\/v2\/pages\/1495\/revisions\/1980"}],"up":[{"embeddable":true,"href":"https:\/\/www.vienne-en-transition.fr\/index.php\/wp-json\/wp\/v2\/pages\/1486"}],"wp:attachment":[{"href":"https:\/\/www.vienne-en-transition.fr\/index.php\/wp-json\/wp\/v2\/media?parent=1495"}],"curies":[{"name":"wp","href":"https:\/\/api.w.org\/{rel}","templated":true}]}}