{"id":1486,"date":"2021-04-24T11:12:09","date_gmt":"2021-04-24T09:12:09","guid":{"rendered":"https:\/\/www.vienne-en-transition.fr\/?page_id=1486"},"modified":"2021-05-18T10:37:53","modified_gmt":"2021-05-18T08:37:53","slug":"candidats","status":"publish","type":"page","link":"https:\/\/www.vienne-en-transition.fr\/index.php\/candidats\/","title":{"rendered":"Les candidat-e-s"},"content":{"rendered":"\n<div class=\"wp-block-media-text alignwide is-stacked-on-mobile\"><figure class=\"wp-block-media-text__media\"><a href=\"https:\/\/www.vienne-en-transition.fr\/index.php\/candidats\/chasseneuil\/\"><img loading=\"lazy\" decoding=\"async\" width=\"1000\" height=\"350\" src=\"https:\/\/www.vienne-en-transition.fr\/wp-content\/uploads\/2021\/05\/bann-chasseneuil.jpg\" alt=\"Chasseneuil-du-Poitou\" class=\"wp-image-1572 size-full\" srcset=\"https:\/\/www.vienne-en-transition.fr\/wp-content\/uploads\/2021\/05\/bann-chasseneuil.jpg 1000w, https:\/\/www.vienne-en-transition.fr\/wp-content\/uploads\/2021\/05\/bann-chasseneuil-300x105.jpg 300w, https:\/\/www.vienne-en-transition.fr\/wp-content\/uploads\/2021\/05\/bann-chasseneuil-768x269.jpg 768w\" sizes=\"auto, (max-width: 1000px) 100vw, 1000px\" \/><\/a><\/figure><div class=\"wp-block-media-text__content\">\n<p><strong><a href=\"https:\/\/www.vienne-en-transition.fr\/index.php\/candidats\/chasseneuil\/\" data-type=\"page\">Chasseneuil-du-Poitou<\/a><\/strong><\/p>\n<\/div><\/div>\n\n\n\n<div class=\"wp-block-media-text alignwide is-stacked-on-mobile\"><figure class=\"wp-block-media-text__media\"><a href=\"https:\/\/www.vienne-en-transition.fr\/index.php\/candidats\/chatellerault-1\/\"><img loading=\"lazy\" decoding=\"async\" width=\"1000\" height=\"350\" src=\"https:\/\/www.vienne-en-transition.fr\/wp-content\/uploads\/2021\/05\/bann-chatellerault1.jpg\" alt=\"Ch\u00e2tellerault-1\" class=\"wp-image-1573 size-full\" srcset=\"https:\/\/www.vienne-en-transition.fr\/wp-content\/uploads\/2021\/05\/bann-chatellerault1.jpg 1000w, https:\/\/www.vienne-en-transition.fr\/wp-content\/uploads\/2021\/05\/bann-chatellerault1-300x105.jpg 300w, https:\/\/www.vienne-en-transition.fr\/wp-content\/uploads\/2021\/05\/bann-chatellerault1-768x269.jpg 768w\" sizes=\"auto, (max-width: 1000px) 100vw, 1000px\" \/><\/a><\/figure><div class=\"wp-block-media-text__content\">\n<p><strong><a href=\"https:\/\/www.vienne-en-transition.fr\/index.php\/candidats\/chatellerault-1\/\" data-type=\"page\" data-id=\"1490\">Ch\u00e2tellerault-1<\/a><\/strong><\/p>\n<\/div><\/div>\n\n\n\n<div class=\"wp-block-media-text alignwide is-stacked-on-mobile\"><figure class=\"wp-block-media-text__media\"><a href=\"https:\/\/www.vienne-en-transition.fr\/index.php\/candidats\/chatellerault-2\/\"><img loading=\"lazy\" decoding=\"async\" width=\"1000\" height=\"350\" src=\"https:\/\/www.vienne-en-transition.fr\/wp-content\/uploads\/2021\/05\/bann-chatellerault2.jpg\" alt=\"Ch\u00e2tellerault-2\" class=\"wp-image-1574 size-full\" srcset=\"https:\/\/www.vienne-en-transition.fr\/wp-content\/uploads\/2021\/05\/bann-chatellerault2.jpg 1000w, https:\/\/www.vienne-en-transition.fr\/wp-content\/uploads\/2021\/05\/bann-chatellerault2-300x105.jpg 300w, https:\/\/www.vienne-en-transition.fr\/wp-content\/uploads\/2021\/05\/bann-chatellerault2-768x269.jpg 768w\" sizes=\"auto, (max-width: 1000px) 100vw, 1000px\" \/><\/a><\/figure><div class=\"wp-block-media-text__content\">\n<p><strong><a href=\"https:\/\/www.vienne-en-transition.fr\/index.php\/candidats\/chatellerault-2\/\" data-type=\"page\" data-id=\"1492\">Ch\u00e2tellerault-2<\/a><\/strong><\/p>\n<\/div><\/div>\n\n\n\n<div class=\"wp-block-media-text alignwide is-stacked-on-mobile\"><figure class=\"wp-block-media-text__media\"><a href=\"https:\/\/www.vienne-en-transition.fr\/index.php\/candidats\/chatellerault-3\/\"><img loading=\"lazy\" decoding=\"async\" width=\"1000\" height=\"350\" src=\"https:\/\/www.vienne-en-transition.fr\/wp-content\/uploads\/2021\/05\/bann-chatellerault3.jpg\" alt=\"Ch\u00e2tellerault-3\" class=\"wp-image-1575 size-full\" srcset=\"https:\/\/www.vienne-en-transition.fr\/wp-content\/uploads\/2021\/05\/bann-chatellerault3.jpg 1000w, https:\/\/www.vienne-en-transition.fr\/wp-content\/uploads\/2021\/05\/bann-chatellerault3-300x105.jpg 300w, https:\/\/www.vienne-en-transition.fr\/wp-content\/uploads\/2021\/05\/bann-chatellerault3-768x269.jpg 768w\" sizes=\"auto, (max-width: 1000px) 100vw, 1000px\" \/><\/a><\/figure><div class=\"wp-block-media-text__content\">\n<p><strong><a href=\"https:\/\/www.vienne-en-transition.fr\/index.php\/candidats\/chatellerault-3\/\" data-type=\"page\" data-id=\"1495\">Ch\u00e2tellerault-3<\/a><\/strong><\/p>\n<\/div><\/div>\n\n\n\n<div class=\"wp-block-media-text alignwide is-stacked-on-mobile\"><figure class=\"wp-block-media-text__media\"><a href=\"https:\/\/www.vienne-en-transition.fr\/index.php\/candidats\/chauvigny\/\"><img loading=\"lazy\" decoding=\"async\" width=\"1000\" height=\"350\" src=\"https:\/\/www.vienne-en-transition.fr\/wp-content\/uploads\/2021\/05\/bann-chauvigny.jpg\" alt=\"Chauvigny\" class=\"wp-image-1576 size-full\" srcset=\"https:\/\/www.vienne-en-transition.fr\/wp-content\/uploads\/2021\/05\/bann-chauvigny.jpg 1000w, https:\/\/www.vienne-en-transition.fr\/wp-content\/uploads\/2021\/05\/bann-chauvigny-300x105.jpg 300w, https:\/\/www.vienne-en-transition.fr\/wp-content\/uploads\/2021\/05\/bann-chauvigny-768x269.jpg 768w\" sizes=\"auto, (max-width: 1000px) 100vw, 1000px\" \/><\/a><\/figure><div class=\"wp-block-media-text__content\">\n<p><strong><a href=\"https:\/\/www.vienne-en-transition.fr\/index.php\/candidats\/chauvigny\/\" data-type=\"page\" data-id=\"1497\">Chauvigny<\/a><\/strong><\/p>\n<\/div><\/div>\n\n\n\n<div class=\"wp-block-media-text alignwide is-stacked-on-mobile\"><figure class=\"wp-block-media-text__media\"><a href=\"https:\/\/www.vienne-en-transition.fr\/index.php\/candidats\/civray\/\"><img loading=\"lazy\" decoding=\"async\" width=\"1000\" height=\"350\" src=\"https:\/\/www.vienne-en-transition.fr\/wp-content\/uploads\/2021\/05\/bann-civray.jpg\" alt=\"Civray\" class=\"wp-image-1577 size-full\" srcset=\"https:\/\/www.vienne-en-transition.fr\/wp-content\/uploads\/2021\/05\/bann-civray.jpg 1000w, https:\/\/www.vienne-en-transition.fr\/wp-content\/uploads\/2021\/05\/bann-civray-300x105.jpg 300w, https:\/\/www.vienne-en-transition.fr\/wp-content\/uploads\/2021\/05\/bann-civray-768x269.jpg 768w\" sizes=\"auto, (max-width: 1000px) 100vw, 1000px\" \/><\/a><\/figure><div class=\"wp-block-media-text__content\">\n<p><strong><a href=\"https:\/\/www.vienne-en-transition.fr\/index.php\/candidats\/civray\/\" data-type=\"page\" data-id=\"1499\">Civray<\/a><\/strong><\/p>\n<\/div><\/div>\n\n\n\n<div class=\"wp-block-media-text alignwide is-stacked-on-mobile\"><figure class=\"wp-block-media-text__media\"><a href=\"https:\/\/www.vienne-en-transition.fr\/index.php\/candidats\/jaunay-marigny\/\"><img loading=\"lazy\" decoding=\"async\" width=\"1000\" height=\"350\" src=\"https:\/\/www.vienne-en-transition.fr\/wp-content\/uploads\/2021\/05\/bann-jaunay.jpg\" alt=\"Jaunay-Marigny\" class=\"wp-image-1578 size-full\" srcset=\"https:\/\/www.vienne-en-transition.fr\/wp-content\/uploads\/2021\/05\/bann-jaunay.jpg 1000w, https:\/\/www.vienne-en-transition.fr\/wp-content\/uploads\/2021\/05\/bann-jaunay-300x105.jpg 300w, https:\/\/www.vienne-en-transition.fr\/wp-content\/uploads\/2021\/05\/bann-jaunay-768x269.jpg 768w\" sizes=\"auto, (max-width: 1000px) 100vw, 1000px\" \/><\/a><\/figure><div class=\"wp-block-media-text__content\">\n<p><strong><a href=\"https:\/\/www.vienne-en-transition.fr\/index.php\/candidats\/jaunay-marigny\/\" data-type=\"page\" data-id=\"1501\">Jaunay-Marigny<\/a><\/strong><\/p>\n<\/div><\/div>\n\n\n\n<div class=\"wp-block-media-text alignwide is-stacked-on-mobile\"><figure class=\"wp-block-media-text__media\"><a href=\"https:\/\/www.vienne-en-transition.fr\/index.php\/candidats\/loudun\/\"><img loading=\"lazy\" decoding=\"async\" width=\"1000\" height=\"350\" src=\"https:\/\/www.vienne-en-transition.fr\/wp-content\/uploads\/2021\/05\/bann-loudun.jpg\" alt=\"Loudun\" class=\"wp-image-1597 size-full\" srcset=\"https:\/\/www.vienne-en-transition.fr\/wp-content\/uploads\/2021\/05\/bann-loudun.jpg 1000w, https:\/\/www.vienne-en-transition.fr\/wp-content\/uploads\/2021\/05\/bann-loudun-300x105.jpg 300w, https:\/\/www.vienne-en-transition.fr\/wp-content\/uploads\/2021\/05\/bann-loudun-768x269.jpg 768w\" sizes=\"auto, (max-width: 1000px) 100vw, 1000px\" \/><\/a><\/figure><div class=\"wp-block-media-text__content\">\n<p><strong><a href=\"https:\/\/www.vienne-en-transition.fr\/index.php\/candidats\/loudun\/\" data-type=\"page\" data-id=\"1503\">Loudun<\/a><\/strong><\/p>\n<\/div><\/div>\n\n\n\n<div class=\"wp-block-media-text alignwide is-stacked-on-mobile\"><figure class=\"wp-block-media-text__media\"><a href=\"https:\/\/www.vienne-en-transition.fr\/index.php\/candidats\/lusignan\/\"><img loading=\"lazy\" decoding=\"async\" width=\"1000\" height=\"350\" src=\"https:\/\/www.vienne-en-transition.fr\/wp-content\/uploads\/2021\/05\/bann-lusignan.jpg\" alt=\"Lusignan\" class=\"wp-image-1580 size-full\" srcset=\"https:\/\/www.vienne-en-transition.fr\/wp-content\/uploads\/2021\/05\/bann-lusignan.jpg 1000w, https:\/\/www.vienne-en-transition.fr\/wp-content\/uploads\/2021\/05\/bann-lusignan-300x105.jpg 300w, https:\/\/www.vienne-en-transition.fr\/wp-content\/uploads\/2021\/05\/bann-lusignan-768x269.jpg 768w\" sizes=\"auto, (max-width: 1000px) 100vw, 1000px\" \/><\/a><\/figure><div class=\"wp-block-media-text__content\">\n<p><strong><a href=\"https:\/\/www.vienne-en-transition.fr\/index.php\/candidats\/lusignan\/\" data-type=\"page\" data-id=\"1505\">Lusignan<\/a><\/strong><\/p>\n<\/div><\/div>\n\n\n\n<div class=\"wp-block-media-text alignwide is-stacked-on-mobile\"><figure class=\"wp-block-media-text__media\"><a href=\"https:\/\/www.vienne-en-transition.fr\/index.php\/candidats\/lussac-les-chateaux\/\"><img loading=\"lazy\" decoding=\"async\" width=\"1000\" height=\"350\" src=\"https:\/\/www.vienne-en-transition.fr\/wp-content\/uploads\/2021\/05\/bann-lussac.jpg\" alt=\"Lussac-les-Ch\u00e2teaux\" class=\"wp-image-1581 size-full\" srcset=\"https:\/\/www.vienne-en-transition.fr\/wp-content\/uploads\/2021\/05\/bann-lussac.jpg 1000w, https:\/\/www.vienne-en-transition.fr\/wp-content\/uploads\/2021\/05\/bann-lussac-300x105.jpg 300w, https:\/\/www.vienne-en-transition.fr\/wp-content\/uploads\/2021\/05\/bann-lussac-768x269.jpg 768w\" sizes=\"auto, (max-width: 1000px) 100vw, 1000px\" \/><\/a><\/figure><div class=\"wp-block-media-text__content\">\n<p><strong><a href=\"https:\/\/www.vienne-en-transition.fr\/index.php\/candidats\/lussac-les-chateaux\/\" data-type=\"page\" data-id=\"1507\">Lussac-les-Ch\u00e2teaux<\/a><\/strong><\/p>\n<\/div><\/div>\n\n\n\n<div class=\"wp-block-media-text alignwide is-stacked-on-mobile\"><figure class=\"wp-block-media-text__media\"><a href=\"https:\/\/www.vienne-en-transition.fr\/index.php\/candidats\/migne-auxances\/\"><img loading=\"lazy\" decoding=\"async\" width=\"1000\" height=\"350\" src=\"https:\/\/www.vienne-en-transition.fr\/wp-content\/uploads\/2021\/05\/bann-migne.jpg\" alt=\"Mign\u00e9-Auxances\" class=\"wp-image-1582 size-full\" srcset=\"https:\/\/www.vienne-en-transition.fr\/wp-content\/uploads\/2021\/05\/bann-migne.jpg 1000w, https:\/\/www.vienne-en-transition.fr\/wp-content\/uploads\/2021\/05\/bann-migne-300x105.jpg 300w, https:\/\/www.vienne-en-transition.fr\/wp-content\/uploads\/2021\/05\/bann-migne-768x269.jpg 768w\" sizes=\"auto, (max-width: 1000px) 100vw, 1000px\" \/><\/a><\/figure><div class=\"wp-block-media-text__content\">\n<p><strong><a href=\"https:\/\/www.vienne-en-transition.fr\/index.php\/candidats\/migne-auxances\/\" data-type=\"page\" data-id=\"1509\">Mign\u00e9-Auxances<\/a><\/strong><\/p>\n<\/div><\/div>\n\n\n\n<div class=\"wp-block-media-text alignwide is-stacked-on-mobile\"><figure class=\"wp-block-media-text__media\"><a href=\"https:\/\/www.vienne-en-transition.fr\/index.php\/candidats\/poitiers-1\/\"><img loading=\"lazy\" decoding=\"async\" width=\"1000\" height=\"350\" src=\"https:\/\/www.vienne-en-transition.fr\/wp-content\/uploads\/2021\/05\/bann-poitiers1.jpg\" alt=\"Poitiers-1\" class=\"wp-image-1583 size-full\" srcset=\"https:\/\/www.vienne-en-transition.fr\/wp-content\/uploads\/2021\/05\/bann-poitiers1.jpg 1000w, https:\/\/www.vienne-en-transition.fr\/wp-content\/uploads\/2021\/05\/bann-poitiers1-300x105.jpg 300w, https:\/\/www.vienne-en-transition.fr\/wp-content\/uploads\/2021\/05\/bann-poitiers1-768x269.jpg 768w\" sizes=\"auto, (max-width: 1000px) 100vw, 1000px\" \/><\/a><\/figure><div class=\"wp-block-media-text__content\">\n<p><strong><a href=\"https:\/\/www.vienne-en-transition.fr\/index.php\/candidats\/poitiers-1\/\" data-type=\"page\" data-id=\"1513\">Poitiers-1<\/a><\/strong><\/p>\n<\/div><\/div>\n\n\n\n<div class=\"wp-block-media-text alignwide is-stacked-on-mobile\"><figure class=\"wp-block-media-text__media\"><a href=\"https:\/\/www.vienne-en-transition.fr\/index.php\/candidats\/poitiers-2\/\"><img loading=\"lazy\" decoding=\"async\" width=\"1000\" height=\"350\" src=\"https:\/\/www.vienne-en-transition.fr\/wp-content\/uploads\/2021\/05\/bann-poitiers2.jpg\" alt=\"Poitiers-2\" class=\"wp-image-1584 size-full\" srcset=\"https:\/\/www.vienne-en-transition.fr\/wp-content\/uploads\/2021\/05\/bann-poitiers2.jpg 1000w, https:\/\/www.vienne-en-transition.fr\/wp-content\/uploads\/2021\/05\/bann-poitiers2-300x105.jpg 300w, https:\/\/www.vienne-en-transition.fr\/wp-content\/uploads\/2021\/05\/bann-poitiers2-768x269.jpg 768w\" sizes=\"auto, (max-width: 1000px) 100vw, 1000px\" \/><\/a><\/figure><div class=\"wp-block-media-text__content\">\n<p><strong><a href=\"https:\/\/www.vienne-en-transition.fr\/index.php\/candidats\/poitiers-2\/\" data-type=\"page\" data-id=\"1515\">Poitiers-2<\/a><\/strong><\/p>\n<\/div><\/div>\n\n\n\n<div class=\"wp-block-media-text alignwide is-stacked-on-mobile\"><figure class=\"wp-block-media-text__media\"><a href=\"https:\/\/www.vienne-en-transition.fr\/index.php\/candidats\/poitiers-3\/\"><img loading=\"lazy\" decoding=\"async\" width=\"1000\" height=\"350\" src=\"https:\/\/www.vienne-en-transition.fr\/wp-content\/uploads\/2021\/05\/bann-poitiers3.jpg\" alt=\"Poitiers-3\" class=\"wp-image-1585 size-full\" srcset=\"https:\/\/www.vienne-en-transition.fr\/wp-content\/uploads\/2021\/05\/bann-poitiers3.jpg 1000w, https:\/\/www.vienne-en-transition.fr\/wp-content\/uploads\/2021\/05\/bann-poitiers3-300x105.jpg 300w, https:\/\/www.vienne-en-transition.fr\/wp-content\/uploads\/2021\/05\/bann-poitiers3-768x269.jpg 768w\" sizes=\"auto, (max-width: 1000px) 100vw, 1000px\" \/><\/a><\/figure><div class=\"wp-block-media-text__content\">\n<p><strong><a href=\"https:\/\/www.vienne-en-transition.fr\/index.php\/candidats\/poitiers-3\/\" data-type=\"page\" data-id=\"1517\">Poitiers-3<\/a><\/strong><\/p>\n<\/div><\/div>\n\n\n\n<div class=\"wp-block-media-text alignwide is-stacked-on-mobile\"><figure class=\"wp-block-media-text__media\"><a href=\"https:\/\/www.vienne-en-transition.fr\/index.php\/candidats\/poitiers-4\/\"><img loading=\"lazy\" decoding=\"async\" width=\"1000\" height=\"350\" src=\"https:\/\/www.vienne-en-transition.fr\/wp-content\/uploads\/2021\/05\/bann-poitiers4.jpg\" alt=\"Poitiers-4\" class=\"wp-image-1586 size-full\" srcset=\"https:\/\/www.vienne-en-transition.fr\/wp-content\/uploads\/2021\/05\/bann-poitiers4.jpg 1000w, https:\/\/www.vienne-en-transition.fr\/wp-content\/uploads\/2021\/05\/bann-poitiers4-300x105.jpg 300w, https:\/\/www.vienne-en-transition.fr\/wp-content\/uploads\/2021\/05\/bann-poitiers4-768x269.jpg 768w\" sizes=\"auto, (max-width: 1000px) 100vw, 1000px\" \/><\/a><\/figure><div class=\"wp-block-media-text__content\">\n<p><strong><a href=\"https:\/\/www.vienne-en-transition.fr\/index.php\/candidats\/poitiers-4\/\" data-type=\"page\" data-id=\"1519\">Poitiers-4<\/a><\/strong><\/p>\n<\/div><\/div>\n\n\n\n<div class=\"wp-block-media-text alignwide is-stacked-on-mobile\"><figure class=\"wp-block-media-text__media\"><a href=\"https:\/\/www.vienne-en-transition.fr\/index.php\/candidats\/poitiers-5\/\"><img loading=\"lazy\" decoding=\"async\" width=\"1000\" height=\"350\" src=\"https:\/\/www.vienne-en-transition.fr\/wp-content\/uploads\/2021\/05\/bann-poitiers5.jpg\" alt=\"Poitiers-5\" class=\"wp-image-1587 size-full\" srcset=\"https:\/\/www.vienne-en-transition.fr\/wp-content\/uploads\/2021\/05\/bann-poitiers5.jpg 1000w, https:\/\/www.vienne-en-transition.fr\/wp-content\/uploads\/2021\/05\/bann-poitiers5-300x105.jpg 300w, https:\/\/www.vienne-en-transition.fr\/wp-content\/uploads\/2021\/05\/bann-poitiers5-768x269.jpg 768w\" sizes=\"auto, (max-width: 1000px) 100vw, 1000px\" \/><\/a><\/figure><div class=\"wp-block-media-text__content\">\n<p><strong><a href=\"https:\/\/www.vienne-en-transition.fr\/index.php\/candidats\/poitiers-5\/\" data-type=\"page\" data-id=\"1521\">Poitiers-5<\/a><\/strong><\/p>\n<\/div><\/div>\n\n\n\n<div class=\"wp-block-media-text alignwide is-stacked-on-mobile\"><figure class=\"wp-block-media-text__media\"><a href=\"https:\/\/www.vienne-en-transition.fr\/index.php\/candidats\/vivonne\/\"><img loading=\"lazy\" decoding=\"async\" width=\"1000\" height=\"350\" src=\"https:\/\/www.vienne-en-transition.fr\/wp-content\/uploads\/2021\/05\/bann-vivonne.jpg\" alt=\"Vivonne\" class=\"wp-image-1588 size-full\" srcset=\"https:\/\/www.vienne-en-transition.fr\/wp-content\/uploads\/2021\/05\/bann-vivonne.jpg 1000w, https:\/\/www.vienne-en-transition.fr\/wp-content\/uploads\/2021\/05\/bann-vivonne-300x105.jpg 300w, https:\/\/www.vienne-en-transition.fr\/wp-content\/uploads\/2021\/05\/bann-vivonne-768x269.jpg 768w\" sizes=\"auto, (max-width: 1000px) 100vw, 1000px\" \/><\/a><\/figure><div class=\"wp-block-media-text__content\">\n<p><strong><a href=\"https:\/\/www.vienne-en-transition.fr\/index.php\/candidats\/vivonne\/\" data-type=\"page\" data-id=\"1523\">Vivonne<\/a><\/strong><\/p>\n<\/div><\/div>\n\n\n\n<div class=\"wp-block-media-text alignwide is-stacked-on-mobile\"><figure class=\"wp-block-media-text__media\"><a href=\"https:\/\/www.vienne-en-transition.fr\/index.php\/candidats\/vouneuil-sous-biard\/\"><img loading=\"lazy\" decoding=\"async\" width=\"1000\" height=\"350\" src=\"https:\/\/www.vienne-en-transition.fr\/wp-content\/uploads\/2021\/05\/bann-vouneuil.jpg\" alt=\"Vouneuil-sous-Biard\" class=\"wp-image-1589 size-full\" srcset=\"https:\/\/www.vienne-en-transition.fr\/wp-content\/uploads\/2021\/05\/bann-vouneuil.jpg 1000w, https:\/\/www.vienne-en-transition.fr\/wp-content\/uploads\/2021\/05\/bann-vouneuil-300x105.jpg 300w, https:\/\/www.vienne-en-transition.fr\/wp-content\/uploads\/2021\/05\/bann-vouneuil-768x269.jpg 768w\" sizes=\"auto, (max-width: 1000px) 100vw, 1000px\" \/><\/a><\/figure><div class=\"wp-block-media-text__content\">\n<p><strong><a href=\"https:\/\/www.vienne-en-transition.fr\/index.php\/candidats\/vouneuil-sous-biard\/\" data-type=\"page\" data-id=\"1525\">Vouneuil-sous-Biard<\/a><\/strong><\/p>\n<\/div><\/div>\n\n\n\n<p><\/p>\n","protected":false},"excerpt":{"rendered":"<p>Chasseneuil-du-Poitou Ch\u00e2tellerault-1 Ch\u00e2tellerault-2 Ch\u00e2tellerault-3 Chauvigny Civray Jaunay-Marigny Loudun Lusignan Lussac-les-Ch\u00e2teaux Mign\u00e9-Auxances Poitiers-1 Poitiers-2 Poitiers-3 Poitiers-4 Poitiers-5 Vivonne Vouneuil-sous-Biard<\/p>\n","protected":false},"author":1,"featured_media":0,"parent":0,"menu_order":0,"comment_status":"closed","ping_status":"closed","template":"","meta":{"site-sidebar-layout":"default","site-content-layout":"","ast-site-content-layout":"","site-content-style":"default","site-sidebar-style":"default","ast-global-header-display":"","ast-banner-title-visibility":"","ast-main-header-display":"","ast-hfb-above-header-display":"","ast-hfb-below-header-display":"","ast-hfb-mobile-header-display":"","site-post-title":"","ast-breadcrumbs-content":"","ast-featured-img":"","footer-sml-layout":"","theme-transparent-header-meta":"","adv-header-id-meta":"","stick-header-meta":"","header-above-stick-meta":"","header-main-stick-meta":"","header-below-stick-meta":"","astra-migrate-meta-layouts":"default","ast-page-background-enabled":"default","ast-page-background-meta":{"desktop":{"background-color":"var(--ast-global-color-5)","background-image":"","background-repeat":"repeat","background-position":"center center","background-size":"auto","background-attachment":"scroll","background-type":"","background-media":"","overlay-type":"","overlay-color":"","overlay-opacity":"","overlay-gradient":""},"tablet":{"background-color":"","background-image":"","background-repeat":"repeat","background-position":"center center","background-size":"auto","background-attachment":"scroll","background-type":"","background-media":"","overlay-type":"","overlay-color":"","overlay-opacity":"","overlay-gradient":""},"mobile":{"background-color":"","background-image":"","background-repeat":"repeat","background-position":"center center","background-size":"auto","background-attachment":"scroll","background-type":"","background-media":"","overlay-type":"","overlay-color":"","overlay-opacity":"","overlay-gradient":""}},"ast-content-background-meta":{"desktop":{"background-color":"var(--ast-global-color-4)","background-image":"","background-repeat":"repeat","background-position":"center center","background-size":"auto","background-attachment":"scroll","background-type":"","background-media":"","overlay-type":"","overlay-color":"","overlay-opacity":"","overlay-gradient":""},"tablet":{"background-color":"var(--ast-global-color-4)","background-image":"","background-repeat":"repeat","background-position":"center center","background-size":"auto","background-attachment":"scroll","background-type":"","background-media":"","overlay-type":"","overlay-color":"","overlay-opacity":"","overlay-gradient":""},"mobile":{"background-color":"var(--ast-global-color-4)","background-image":"","background-repeat":"repeat","background-position":"center center","background-size":"auto","background-attachment":"scroll","background-type":"","background-media":"","overlay-type":"","overlay-color":"","overlay-opacity":"","overlay-gradient":""}},"footnotes":""},"class_list":["post-1486","page","type-page","status-publish","hentry"],"_links":{"self":[{"href":"https:\/\/www.vienne-en-transition.fr\/index.php\/wp-json\/wp\/v2\/pages\/1486","targetHints":{"allow":["GET"]}}],"collection":[{"href":"https:\/\/www.vienne-en-transition.fr\/index.php\/wp-json\/wp\/v2\/pages"}],"about":[{"href":"https:\/\/www.vienne-en-transition.fr\/index.php\/wp-json\/wp\/v2\/types\/page"}],"author":[{"embeddable":true,"href":"https:\/\/www.vienne-en-transition.fr\/index.php\/wp-json\/wp\/v2\/users\/1"}],"replies":[{"embeddable":true,"href":"https:\/\/www.vienne-en-transition.fr\/index.php\/wp-json\/wp\/v2\/comments?post=1486"}],"version-history":[{"count":20,"href":"https:\/\/www.vienne-en-transition.fr\/index.php\/wp-json\/wp\/v2\/pages\/1486\/revisions"}],"predecessor-version":[{"id":1859,"href":"https:\/\/www.vienne-en-transition.fr\/index.php\/wp-json\/wp\/v2\/pages\/1486\/revisions\/1859"}],"wp:attachment":[{"href":"https:\/\/www.vienne-en-transition.fr\/index.php\/wp-json\/wp\/v2\/media?parent=1486"}],"curies":[{"name":"wp","href":"https:\/\/api.w.org\/{rel}","templated":true}]}}